{"id":1127,"date":"2025-02-11T08:03:10","date_gmt":"2025-02-11T08:03:10","guid":{"rendered":"https:\/\/fit4thefuture.eu\/?page_id=1127"},"modified":"2026-08-13T13:05:09","modified_gmt":"2026-08-13T13:05:09","slug":"neuigkeiten","status":"publish","type":"page","link":"https:\/\/fit4thefuture.eu\/de\/neuigkeiten","title":{"rendered":"Neuigkeiten"},"content":{"rendered":"\t\t<div data-elementor-type=\"wp-page\" data-elementor-id=\"1127\" class=\"elementor elementor-1127 elementor-17\" data-elementor-post-type=\"page\">\n\t\t\t\t<div class=\"elementor-element elementor-element-f8b85d6 e-flex e-con-boxed e-con e-parent\" data-id=\"f8b85d6\" data-element_type=\"container\" data-e-type=\"container\" data-settings=\"{&quot;jet_parallax_layout_list&quot;:[]}\">\n\t\t\t\t\t<div class=\"e-con-inner\">\n\t\t<div class=\"elementor-element elementor-element-8b616b7 e-con-full e-flex e-con e-child\" data-id=\"8b616b7\" data-element_type=\"container\" data-e-type=\"container\" data-settings=\"{&quot;jet_parallax_layout_list&quot;:[]}\">\n\t\t\t\t<div class=\"elementor-element elementor-element-7a80fd9 elementor-widget elementor-widget-heading\" data-id=\"7a80fd9\" data-element_type=\"widget\" data-e-type=\"widget\" data-widget_type=\"heading.default\">\n\t\t\t\t<div class=\"elementor-widget-container\">\n\t\t\t\t\t<h2 class=\"elementor-heading-title elementor-size-default\">Newsletter<\/h2>\t\t\t\t<\/div>\n\t\t\t\t<\/div>\n\t\t<div class=\"elementor-element elementor-element-7132945 e-con-full e-grid e-con e-child\" data-id=\"7132945\" data-element_type=\"container\" data-e-type=\"container\" data-settings=\"{&quot;jet_parallax_layout_list&quot;:[]}\">\n\t\t<div class=\"elementor-element elementor-element-da76226 e-con-full e-flex e-con e-child\" data-id=\"da76226\" data-element_type=\"container\" data-e-type=\"container\" data-settings=\"{&quot;jet_parallax_layout_list&quot;:[]}\">\n\t\t\t\t<div class=\"elementor-element elementor-element-1d87f7d elementor-widget__width-auto elementor-widget elementor-widget-image\" data-id=\"1d87f7d\" data-element_type=\"widget\" data-e-type=\"widget\" data-widget_type=\"image.default\">\n\t\t\t\t<div class=\"elementor-widget-container\">\n\t\t\t\t\t\t\t\t\t\t\t\t\t\t\t<img fetchpriority=\"high\" decoding=\"async\" width=\"300\" height=\"300\" src=\"https:\/\/fit4thefuture.eu\/wp-content\/uploads\/2025\/06\/DE_F4F_1st-Newsletter_mockup-300x300.png\" class=\"attachment-medium size-medium wp-image-1366\" alt=\"\" srcset=\"https:\/\/fit4thefuture.eu\/wp-content\/uploads\/2025\/06\/DE_F4F_1st-Newsletter_mockup-300x300.png 300w, https:\/\/fit4thefuture.eu\/wp-content\/uploads\/2025\/06\/DE_F4F_1st-Newsletter_mockup-150x150.png 150w, https:\/\/fit4thefuture.eu\/wp-content\/uploads\/2025\/06\/DE_F4F_1st-Newsletter_mockup-768x768.png 768w, https:\/\/fit4thefuture.eu\/wp-content\/uploads\/2025\/06\/DE_F4F_1st-Newsletter_mockup.png 1000w\" sizes=\"(max-width: 300px) 100vw, 300px\" \/>\t\t\t\t\t\t\t\t\t\t\t\t\t\t\t<\/div>\n\t\t\t\t<\/div>\n\t\t\t\t<div class=\"elementor-element elementor-element-391d96b elementor-widget elementor-widget-jet-button\" data-id=\"391d96b\" data-element_type=\"widget\" data-e-type=\"widget\" data-widget_type=\"jet-button.default\">\n\t\t\t\t<div class=\"elementor-widget-container\">\n\t\t\t\t\t<div class=\"elementor-jet-button jet-elements\"><div class=\"jet-button__container\">\n\t<a class=\"jet-button__instance jet-button__instance--icon-right hover-effect-6\" href=\"https:\/\/fit4thefuture.eu\/wp-content\/uploads\/2025\/06\/DE_F4F_1st-Newsletter.pdf\" target=\"_blank\">\n\t\t<div class=\"jet-button__plane jet-button__plane-normal\"><\/div>\n\t\t<div class=\"jet-button__plane jet-button__plane-hover\"><\/div>\n\t\t<div class=\"jet-button__state jet-button__state-normal\">\n\t\t\t<span class=\"jet-button__icon jet-elements-icon\"><svg aria-hidden=\"true\" class=\"e-font-icon-svg e-fas-angle-right\" viewBox=\"0 0 256 512\" xmlns=\"http:\/\/www.w3.org\/2000\/svg\"><path d=\"M224.3 273l-136 136c-9.4 9.4-24.6 9.4-33.9 0l-22.6-22.6c-9.4-9.4-9.4-24.6 0-33.9l96.4-96.4-96.4-96.4c-9.4-9.4-9.4-24.6 0-33.9L54.3 103c9.4-9.4 24.6-9.4 33.9 0l136 136c9.5 9.4 9.5 24.6.1 34z\"><\/path><\/svg><\/span><span class=\"jet-button__label\">Weitere Informationen<\/span>\t\t<\/div>\n\t\t<div class=\"jet-button__state jet-button__state-hover\">\n\t\t\t<span class=\"jet-button__icon jet-elements-icon\"><svg aria-hidden=\"true\" class=\"e-font-icon-svg e-fas-angle-right\" viewBox=\"0 0 256 512\" xmlns=\"http:\/\/www.w3.org\/2000\/svg\"><path d=\"M224.3 273l-136 136c-9.4 9.4-24.6 9.4-33.9 0l-22.6-22.6c-9.4-9.4-9.4-24.6 0-33.9l96.4-96.4-96.4-96.4c-9.4-9.4-9.4-24.6 0-33.9L54.3 103c9.4-9.4 24.6-9.4 33.9 0l136 136c9.5 9.4 9.5 24.6.1 34z\"><\/path><\/svg><\/span><span class=\"jet-button__label\">Weitere Informationen<\/span>\t\t<\/div>\n\t<\/a>\n<\/div>\n<\/div>\t\t\t\t<\/div>\n\t\t\t\t<\/div>\n\t\t\t\t<\/div>\n\t\t<div class=\"elementor-element elementor-element-64cb14e e-con-full e-flex e-con e-child\" data-id=\"64cb14e\" data-element_type=\"container\" data-e-type=\"container\" data-settings=\"{&quot;jet_parallax_layout_list&quot;:[]}\">\n\t\t\t\t<div class=\"elementor-element elementor-element-ea0dd06 elementor-widget__width-auto elementor-widget elementor-widget-image\" data-id=\"ea0dd06\" data-element_type=\"widget\" data-e-type=\"widget\" data-widget_type=\"image.default\">\n\t\t\t\t<div class=\"elementor-widget-container\">\n\t\t\t\t\t\t\t\t\t\t\t\t\t\t\t<img decoding=\"async\" width=\"300\" height=\"300\" src=\"https:\/\/fit4thefuture.eu\/wp-content\/uploads\/2026\/04\/DE_F4F_2nd-Newsletter_mockup-300x300.png\" class=\"attachment-medium size-medium wp-image-6129\" alt=\"\" srcset=\"https:\/\/fit4thefuture.eu\/wp-content\/uploads\/2026\/04\/DE_F4F_2nd-Newsletter_mockup-300x300.png 300w, https:\/\/fit4thefuture.eu\/wp-content\/uploads\/2026\/04\/DE_F4F_2nd-Newsletter_mockup-150x150.png 150w, https:\/\/fit4thefuture.eu\/wp-content\/uploads\/2026\/04\/DE_F4F_2nd-Newsletter_mockup-768x768.png 768w, https:\/\/fit4thefuture.eu\/wp-content\/uploads\/2026\/04\/DE_F4F_2nd-Newsletter_mockup.png 1000w\" sizes=\"(max-width: 300px) 100vw, 300px\" \/>\t\t\t\t\t\t\t\t\t\t\t\t\t\t\t<\/div>\n\t\t\t\t<\/div>\n\t\t\t\t<div class=\"elementor-element elementor-element-0958b11 elementor-widget elementor-widget-jet-button\" data-id=\"0958b11\" data-element_type=\"widget\" data-e-type=\"widget\" data-widget_type=\"jet-button.default\">\n\t\t\t\t<div class=\"elementor-widget-container\">\n\t\t\t\t\t<div class=\"elementor-jet-button jet-elements\"><div class=\"jet-button__container\">\n\t<a class=\"jet-button__instance jet-button__instance--icon-right hover-effect-6\" href=\"https:\/\/fit4thefuture.eu\/wp-content\/uploads\/2026\/04\/DE_F4F_2nd-Newsletter.pdf\" target=\"_blank\">\n\t\t<div class=\"jet-button__plane jet-button__plane-normal\"><\/div>\n\t\t<div class=\"jet-button__plane jet-button__plane-hover\"><\/div>\n\t\t<div class=\"jet-button__state jet-button__state-normal\">\n\t\t\t<span class=\"jet-button__icon jet-elements-icon\"><svg aria-hidden=\"true\" class=\"e-font-icon-svg e-fas-angle-right\" viewBox=\"0 0 256 512\" xmlns=\"http:\/\/www.w3.org\/2000\/svg\"><path d=\"M224.3 273l-136 136c-9.4 9.4-24.6 9.4-33.9 0l-22.6-22.6c-9.4-9.4-9.4-24.6 0-33.9l96.4-96.4-96.4-96.4c-9.4-9.4-9.4-24.6 0-33.9L54.3 103c9.4-9.4 24.6-9.4 33.9 0l136 136c9.5 9.4 9.5 24.6.1 34z\"><\/path><\/svg><\/span><span class=\"jet-button__label\">Weitere Informationen<\/span>\t\t<\/div>\n\t\t<div class=\"jet-button__state jet-button__state-hover\">\n\t\t\t<span class=\"jet-button__icon jet-elements-icon\"><svg aria-hidden=\"true\" class=\"e-font-icon-svg e-fas-angle-right\" viewBox=\"0 0 256 512\" xmlns=\"http:\/\/www.w3.org\/2000\/svg\"><path d=\"M224.3 273l-136 136c-9.4 9.4-24.6 9.4-33.9 0l-22.6-22.6c-9.4-9.4-9.4-24.6 0-33.9l96.4-96.4-96.4-96.4c-9.4-9.4-9.4-24.6 0-33.9L54.3 103c9.4-9.4 24.6-9.4 33.9 0l136 136c9.5 9.4 9.5 24.6.1 34z\"><\/path><\/svg><\/span><span class=\"jet-button__label\">Weitere Informationen<\/span>\t\t<\/div>\n\t<\/a>\n<\/div>\n<\/div>\t\t\t\t<\/div>\n\t\t\t\t<\/div>\n\t\t\t\t<\/div>\n\t\t\t\t<\/div>\n\t\t\t\t<\/div>\n\t\t<div class=\"elementor-element elementor-element-d881b12 e-con-full e-flex e-con e-child\" data-id=\"d881b12\" data-element_type=\"container\" data-e-type=\"container\" data-settings=\"{&quot;jet_parallax_layout_list&quot;:[]}\">\n\t\t\t\t<div class=\"elementor-element elementor-element-c88002a elementor-widget elementor-widget-heading\" data-id=\"c88002a\" data-element_type=\"widget\" data-e-type=\"widget\" data-widget_type=\"heading.default\">\n\t\t\t\t<div class=\"elementor-widget-container\">\n\t\t\t\t\t<h2 class=\"elementor-heading-title elementor-size-default\">Neuigkeiten<\/h2>\t\t\t\t<\/div>\n\t\t\t\t<\/div>\n\t\t\t\t<div class=\"elementor-element elementor-element-8728086 elementor-widget elementor-widget-elementskit-blog-posts\" data-id=\"8728086\" data-element_type=\"widget\" data-e-type=\"widget\" data-widget_type=\"elementskit-blog-posts.default\">\n\t\t\t\t<div class=\"elementor-widget-container\">\n\t\t\t\t\t<div class=\"ekit-wid-con\" >        <div id=\"post-items--8728086\" class=\"ekit-row post-items ekit-blog-post-masonry-inactive\">\n                            <div class=\"post-item ekit-col-4\">\n\n                                            <div class=\"elementskit-post-image-card\">\n                            <div class=\"elementskit-entry-header\">\n                                                                    <a href=\"https:\/\/fit4thefuture.eu\/de\/agenda-2030-chancengerechtigkeit-und-inklusion-warum-dei-fuer-gleichstellung-und-nachhaltige-entwicklung-unverzichtbar-ist\" class=\"elementskit-entry-thumb\">\n                                        <img decoding=\"async\" src=\"https:\/\/fit4thefuture.eu\/wp-content\/uploads\/2026\/07\/2030-agenda.png\" alt=\"Agenda 2030, Chancengerechtigkeit und Inklusion: Warum DEI f\u00fcr Gleichstellung und nachhaltige Entwicklung unverzichtbar ist\">\n                                    <\/a><!-- .elementskit-entry-thumb END -->\n                                                                    \n                                \n                                                            <\/div><!-- .elementskit-entry-header END -->\n\n                            <div class=\"elementskit-post-body \">\n                                                                                        <h2 class=\"entry-title\">\n                    <a href=\"https:\/\/fit4thefuture.eu\/de\/agenda-2030-chancengerechtigkeit-und-inklusion-warum-dei-fuer-gleichstellung-und-nachhaltige-entwicklung-unverzichtbar-ist\">\n                        Agenda 2030, Chancengerechtigkeit und Inklusion: Warum DEI f\u00fcr Gleichstellung und nachhaltige Entwicklung unverzichtbar ist                    <\/a>\n                <\/h2>\n                                                    \n                                                                                                                        <div class=\"post-meta-list\">\n                                                                                                                                <span class=\"meta-date\">\n                                        <i aria-hidden=\"true\" class=\"icon icon-calendar3\"><\/i>                                        <span class=\"meta-date-text\">\n                                            7. Juli 2026                                        <\/span>\n                                    <\/span>\n                                                                                                                                                    <\/div>\n                                                    \n                                    \n                                                                                                                                                                                <p>In einer globalisierten und technologisch gepr\u00e4gten Gesellschaft arbeiten Organisationen in zunehmend vielf\u00e4ltigen Umfeldern: Menschen mit unterschiedlichen kulturellen Hintergr\u00fcnden, Erfahrungen und&hellip;<\/p>\n                                                                                                                                                                        <div class=\"btn-wraper\">\n                                        \n                                                                                    <a class=\"elementskit-btn whitespace--normal\" id=\"\" href=\"https:\/\/fit4thefuture.eu\/de\/agenda-2030-chancengerechtigkeit-und-inklusion-warum-dei-fuer-gleichstellung-und-nachhaltige-entwicklung-unverzichtbar-ist\">\n                                                                                                Learn more                                             <\/a>\n                                                                            <\/div>\n                                                            <\/div><!-- .elementskit-post-body END -->\n                        <\/div>\n                    \n                <\/div>\n                            <div class=\"post-item ekit-col-4\">\n\n                                            <div class=\"elementskit-post-image-card\">\n                            <div class=\"elementskit-entry-header\">\n                                                                    <a href=\"https:\/\/fit4thefuture.eu\/de\/von-starken-netzwerken-lernen-gemeinsam-zukunft-gestalten\" class=\"elementskit-entry-thumb\">\n                                        <img decoding=\"async\" src=\"https:\/\/fit4thefuture.eu\/wp-content\/uploads\/2026\/06\/Learning-from-Networks.jpg\" alt=\"Von starken Netzwerken lernen \u2013 gemeinsam Zukunft gestalten\">\n                                    <\/a><!-- .elementskit-entry-thumb END -->\n                                                                    \n                                \n                                                            <\/div><!-- .elementskit-entry-header END -->\n\n                            <div class=\"elementskit-post-body \">\n                                                                                        <h2 class=\"entry-title\">\n                    <a href=\"https:\/\/fit4thefuture.eu\/de\/von-starken-netzwerken-lernen-gemeinsam-zukunft-gestalten\">\n                        Von starken Netzwerken lernen \u2013 gemeinsam Zukunft gestalten                    <\/a>\n                <\/h2>\n                                                    \n                                                                                                                        <div class=\"post-meta-list\">\n                                                                                                                                <span class=\"meta-date\">\n                                        <i aria-hidden=\"true\" class=\"icon icon-calendar3\"><\/i>                                        <span class=\"meta-date-text\">\n                                            30. Juni 2026                                        <\/span>\n                                    <\/span>\n                                                                                                                                                    <\/div>\n                                                    \n                                    \n                                                                                                                                                                                <p>Nachhaltige Ver\u00e4nderungen entstehen dort, wo Menschen miteinander ins Gespr\u00e4ch kommen, Erfahrungen austauschen und voneinander lernen. Dieser Gedanke steht im Mittelpunkt&hellip;<\/p>\n                                                                                                                                                                        <div class=\"btn-wraper\">\n                                        \n                                                                                    <a class=\"elementskit-btn whitespace--normal\" id=\"\" href=\"https:\/\/fit4thefuture.eu\/de\/von-starken-netzwerken-lernen-gemeinsam-zukunft-gestalten\">\n                                                                                                Learn more                                             <\/a>\n                                                                            <\/div>\n                                                            <\/div><!-- .elementskit-post-body END -->\n                        <\/div>\n                    \n                <\/div>\n                            <div class=\"post-item ekit-col-4\">\n\n                                            <div class=\"elementskit-post-image-card\">\n                            <div class=\"elementskit-entry-header\">\n                                                                    <a href=\"https:\/\/fit4thefuture.eu\/de\/3-days-to-inspire-learn-and-transform-%f0%9f%8c%8d\" class=\"elementskit-entry-thumb\">\n                                        <img decoding=\"async\" src=\"https:\/\/fit4thefuture.eu\/wp-content\/uploads\/2026\/05\/Article-May-1024x682.webp\" alt=\"Drei Tage f\u00fcr Lernen, Austausch und Zukunftsgestaltung \ud83c\udf0d\">\n                                    <\/a><!-- .elementskit-entry-thumb END -->\n                                                                    \n                                \n                                                            <\/div><!-- .elementskit-entry-header END -->\n\n                            <div class=\"elementskit-post-body \">\n                                                                                        <h2 class=\"entry-title\">\n                    <a href=\"https:\/\/fit4thefuture.eu\/de\/3-days-to-inspire-learn-and-transform-%f0%9f%8c%8d\">\n                        Drei Tage f\u00fcr Lernen, Austausch und Zukunftsgestaltung \ud83c\udf0d                    <\/a>\n                <\/h2>\n                                                    \n                                                                                                                        <div class=\"post-meta-list\">\n                                                                                                                                <span class=\"meta-date\">\n                                        <i aria-hidden=\"true\" class=\"icon icon-calendar3\"><\/i>                                        <span class=\"meta-date-text\">\n                                            25. Mai 2026                                        <\/span>\n                                    <\/span>\n                                                                                                                                                    <\/div>\n                                                    \n                                    \n                                                                                                                                                                                <p>Vom 30. Juni bis 2. Juli 2026 bietet unser transnationaler Workshop Raum f\u00fcr Zusammenarbeit, Austausch und die Entwicklung wichtiger Kompetenzen&hellip;<\/p>\n                                                                                                                                                                        <div class=\"btn-wraper\">\n                                        \n                                                                                    <a class=\"elementskit-btn whitespace--normal\" id=\"\" href=\"https:\/\/fit4thefuture.eu\/de\/3-days-to-inspire-learn-and-transform-%f0%9f%8c%8d\">\n                                                                                                Learn more                                             <\/a>\n                                                                            <\/div>\n                                                            <\/div><!-- .elementskit-post-body END -->\n                        <\/div>\n                    \n                <\/div>\n                            <div class=\"post-item ekit-col-4\">\n\n                                            <div class=\"elementskit-post-image-card\">\n                            <div class=\"elementskit-entry-header\">\n                                                                    <a href=\"https:\/\/fit4thefuture.eu\/de\/fit-for-the-future-webinar-on-diversity-and-inclusion-systems-thinking-in-vet\" class=\"elementskit-entry-thumb\">\n                                        <img decoding=\"async\" src=\"https:\/\/fit4thefuture.eu\/wp-content\/uploads\/2026\/04\/featured_FFF_15.04.26-1024x538.png\" alt=\"Fit for the Future Webinar zu Vielfalt und Inklusion | Systemisches Denken in der beruflichen Bildung (VET)\">\n                                    <\/a><!-- .elementskit-entry-thumb END -->\n                                                                    \n                                \n                                                            <\/div><!-- .elementskit-entry-header END -->\n\n                            <div class=\"elementskit-post-body \">\n                                                                                        <h2 class=\"entry-title\">\n                    <a href=\"https:\/\/fit4thefuture.eu\/de\/fit-for-the-future-webinar-on-diversity-and-inclusion-systems-thinking-in-vet\">\n                        Fit for the Future Webinar zu Vielfalt und Inklusion | Systemisches Denken in der beruflichen Bildung (VET)                    <\/a>\n                <\/h2>\n                                                    \n                                                                                                                        <div class=\"post-meta-list\">\n                                                                                                                                <span class=\"meta-date\">\n                                        <i aria-hidden=\"true\" class=\"icon icon-calendar3\"><\/i>                                        <span class=\"meta-date-text\">\n                                            15. April 2026                                        <\/span>\n                                    <\/span>\n                                                                                                                                                    <\/div>\n                                                    \n                                    \n                                                                                                                                                                                <p>Entdecken Sie die Highlights des Fit for the Future Webinars zu systemischem Denken, Vielfalt und Inklusion. Lernen Sie die Fit&hellip;<\/p>\n                                                                                                                                                                        <div class=\"btn-wraper\">\n                                        \n                                                                                    <a class=\"elementskit-btn whitespace--normal\" id=\"\" href=\"https:\/\/fit4thefuture.eu\/de\/fit-for-the-future-webinar-on-diversity-and-inclusion-systems-thinking-in-vet\">\n                                                                                                Learn more                                             <\/a>\n                                                                            <\/div>\n                                                            <\/div><!-- .elementskit-post-body END -->\n                        <\/div>\n                    \n                <\/div>\n                            <div class=\"post-item ekit-col-4\">\n\n                                            <div class=\"elementskit-post-image-card\">\n                            <div class=\"elementskit-entry-header\">\n                                                                    <a href=\"https:\/\/fit4thefuture.eu\/de\/digital-pathways-to-democratic-competence-the-fit-lab-supporting-systemic-change-in-vet\" class=\"elementskit-entry-thumb\">\n                                        <img decoding=\"async\" src=\"https:\/\/fit4thefuture.eu\/wp-content\/uploads\/2026\/02\/EUROSC_F4F_VET-1024x538.png\" alt=\"Digitale Wege zu demokratischer Kompetenz: Das FIT LAB unterst\u00fctzt systemischen Wandel in der VET\">\n                                    <\/a><!-- .elementskit-entry-thumb END -->\n                                                                    \n                                \n                                                            <\/div><!-- .elementskit-entry-header END -->\n\n                            <div class=\"elementskit-post-body \">\n                                                                                        <h2 class=\"entry-title\">\n                    <a href=\"https:\/\/fit4thefuture.eu\/de\/digital-pathways-to-democratic-competence-the-fit-lab-supporting-systemic-change-in-vet\">\n                        Digitale Wege zu demokratischer Kompetenz: Das FIT LAB unterst\u00fctzt systemischen Wandel in der VET                    <\/a>\n                <\/h2>\n                                                    \n                                                                                                                        <div class=\"post-meta-list\">\n                                                                                                                                <span class=\"meta-date\">\n                                        <i aria-hidden=\"true\" class=\"icon icon-calendar3\"><\/i>                                        <span class=\"meta-date-text\">\n                                            2. Februar 2026                                        <\/span>\n                                    <\/span>\n                                                                                                                                                    <\/div>\n                                                    \n                                    \n                                                                                                                                                                                <p>Zusammenfassung Da VET-Systeme in ganz Europa zunehmend eine gesellschaftliche Rolle \u00fcbernehmen, entwickelt das Fit for the Future-Projekt das FIT LAB&hellip;<\/p>\n                                                                                                                                                                        <div class=\"btn-wraper\">\n                                        \n                                                                                    <a class=\"elementskit-btn whitespace--normal\" id=\"\" href=\"https:\/\/fit4thefuture.eu\/de\/digital-pathways-to-democratic-competence-the-fit-lab-supporting-systemic-change-in-vet\">\n                                                                                                Learn more                                             <\/a>\n                                                                            <\/div>\n                                                            <\/div><!-- .elementskit-post-body END -->\n                        <\/div>\n                    \n                <\/div>\n                            <div class=\"post-item ekit-col-4\">\n\n                                            <div class=\"elementskit-post-image-card\">\n                            <div class=\"elementskit-entry-header\">\n                                                                    <a href=\"https:\/\/fit4thefuture.eu\/de\/fit4future-a-key-transnational-milestone-in-aveiro\" class=\"elementskit-entry-thumb\">\n                                        <img decoding=\"async\" src=\"https:\/\/fit4thefuture.eu\/wp-content\/uploads\/2026\/02\/fit4future-photo.png\" alt=\"Fit4Future: Ein wichtiger transnationaler Meilenstein in Aveiro\">\n                                    <\/a><!-- .elementskit-entry-thumb END -->\n                                                                    \n                                \n                                                            <\/div><!-- .elementskit-entry-header END -->\n\n                            <div class=\"elementskit-post-body \">\n                                                                                        <h2 class=\"entry-title\">\n                    <a href=\"https:\/\/fit4thefuture.eu\/de\/fit4future-a-key-transnational-milestone-in-aveiro\">\n                        Fit4Future: Ein wichtiger transnationaler Meilenstein in Aveiro                    <\/a>\n                <\/h2>\n                                                    \n                                                                                                                        <div class=\"post-meta-list\">\n                                                                                                                                <span class=\"meta-date\">\n                                        <i aria-hidden=\"true\" class=\"icon icon-calendar3\"><\/i>                                        <span class=\"meta-date-text\">\n                                            27. Januar 2026                                        <\/span>\n                                    <\/span>\n                                                                                                                                                    <\/div>\n                                                    \n                                    \n                                                                                                                                                                                <p>Am 23. Oktober 2025 begr\u00fc\u00dfte die Universit\u00e4t Aveiro Partner*innen aus ganz Europa zum zweiten transnationalen Treffen des Fit4Future-Projekts. Der Arbeitstag&hellip;<\/p>\n                                                                                                                                                                        <div class=\"btn-wraper\">\n                                        \n                                                                                    <a class=\"elementskit-btn whitespace--normal\" id=\"\" href=\"https:\/\/fit4thefuture.eu\/de\/fit4future-a-key-transnational-milestone-in-aveiro\">\n                                                                                                Learn more                                             <\/a>\n                                                                            <\/div>\n                                                            <\/div><!-- .elementskit-post-body END -->\n                        <\/div>\n                    \n                <\/div>\n                            <div class=\"post-item ekit-col-4\">\n\n                                            <div class=\"elementskit-post-image-card\">\n                            <div class=\"elementskit-entry-header\">\n                                                                    <a href=\"https:\/\/fit4thefuture.eu\/de\/nuria-amigor-graus-vision-lessons-in-leadership-and-inclusion-at-biosfer-teslab\" class=\"elementskit-entry-thumb\">\n                                        <img decoding=\"async\" src=\"https:\/\/fit4thefuture.eu\/wp-content\/uploads\/2025\/11\/Nuria-Amigor-Graus-Vision-1.png\" alt=\"N\u00faria Amigor Graus Vision: F\u00fchrung und Inklusion bei Biosfer Teslab\">\n                                    <\/a><!-- .elementskit-entry-thumb END -->\n                                                                    \n                                \n                                                            <\/div><!-- .elementskit-entry-header END -->\n\n                            <div class=\"elementskit-post-body \">\n                                                                                        <h2 class=\"entry-title\">\n                    <a href=\"https:\/\/fit4thefuture.eu\/de\/nuria-amigor-graus-vision-lessons-in-leadership-and-inclusion-at-biosfer-teslab\">\n                        N\u00faria Amigor Graus Vision: F\u00fchrung und Inklusion bei Biosfer Teslab                    <\/a>\n                <\/h2>\n                                                    \n                                                                                                                        <div class=\"post-meta-list\">\n                                                                                                                                <span class=\"meta-date\">\n                                        <i aria-hidden=\"true\" class=\"icon icon-calendar3\"><\/i>                                        <span class=\"meta-date-text\">\n                                            13. Dezember 2025                                        <\/span>\n                                    <\/span>\n                                                                                                                                                    <\/div>\n                                                    \n                                    \n                                                                                                                                                                                <p>Der F\u00fchrungsweg von N\u00faria Amigor Grau begann in der Wissenschaft, wo sie vier Jahre t\u00e4tig war. Anschlie\u00dfend arbeitete sie 13&hellip;<\/p>\n                                                                                                                                                                        <div class=\"btn-wraper\">\n                                        \n                                                                                    <a class=\"elementskit-btn whitespace--normal\" id=\"\" href=\"https:\/\/fit4thefuture.eu\/de\/nuria-amigor-graus-vision-lessons-in-leadership-and-inclusion-at-biosfer-teslab\">\n                                                                                                Learn more                                             <\/a>\n                                                                            <\/div>\n                                                            <\/div><!-- .elementskit-post-body END -->\n                        <\/div>\n                    \n                <\/div>\n                            <div class=\"post-item ekit-col-4\">\n\n                                            <div class=\"elementskit-post-image-card\">\n                            <div class=\"elementskit-entry-header\">\n                                                                    <a href=\"https:\/\/fit4thefuture.eu\/de\/inclusion-as-innovation-the-fit-for-the-future-approach\" class=\"elementskit-entry-thumb\">\n                                        <img decoding=\"async\" src=\"https:\/\/fit4thefuture.eu\/wp-content\/uploads\/2025\/10\/cover-news.webp\" alt=\"Inklusion als Innovation: Der Fit for the Future-Ansatz\">\n                                    <\/a><!-- .elementskit-entry-thumb END -->\n                                                                    \n                                \n                                                            <\/div><!-- .elementskit-entry-header END -->\n\n                            <div class=\"elementskit-post-body \">\n                                                                                        <h2 class=\"entry-title\">\n                    <a href=\"https:\/\/fit4thefuture.eu\/de\/inclusion-as-innovation-the-fit-for-the-future-approach\">\n                        Inklusion als Innovation: Der Fit for the Future-Ansatz                    <\/a>\n                <\/h2>\n                                                    \n                                                                                                                        <div class=\"post-meta-list\">\n                                                                                                                                <span class=\"meta-date\">\n                                        <i aria-hidden=\"true\" class=\"icon icon-calendar3\"><\/i>                                        <span class=\"meta-date-text\">\n                                            20. November 2025                                        <\/span>\n                                    <\/span>\n                                                                                                                                                    <\/div>\n                                                    \n                                    \n                                                                                                                                                                                <p>In Zeiten rascher digitaler, sozialer und organisatorischer Ver\u00e4nderungen bedeutet Inklusion mehr als Rampen, barrierefreie Toiletten oder minimale Anpassungen. Wir m\u00fcssen&hellip;<\/p>\n                                                                                                                                                                        <div class=\"btn-wraper\">\n                                        \n                                                                                    <a class=\"elementskit-btn whitespace--normal\" id=\"\" href=\"https:\/\/fit4thefuture.eu\/de\/inclusion-as-innovation-the-fit-for-the-future-approach\">\n                                                                                                Learn more                                             <\/a>\n                                                                            <\/div>\n                                                            <\/div><!-- .elementskit-post-body END -->\n                        <\/div>\n                    \n                <\/div>\n                            <div class=\"post-item ekit-col-4\">\n\n                                            <div class=\"elementskit-post-image-card\">\n                            <div class=\"elementskit-entry-header\">\n                                                                    <a href=\"https:\/\/fit4thefuture.eu\/de\/leading-for-regeneration-values-that-shape-the-future-of-leadership\" class=\"elementskit-entry-thumb\">\n                                        <img decoding=\"async\" src=\"https:\/\/fit4thefuture.eu\/wp-content\/uploads\/2025\/10\/ArticleF4F-1-1024x546.png\" alt=\"F\u00fchren f\u00fcr Regeneration: Werte, die die Zukunft von F\u00fchrung pr\u00e4gen\">\n                                    <\/a><!-- .elementskit-entry-thumb END -->\n                                                                    \n                                \n                                                            <\/div><!-- .elementskit-entry-header END -->\n\n                            <div class=\"elementskit-post-body \">\n                                                                                        <h2 class=\"entry-title\">\n                    <a href=\"https:\/\/fit4thefuture.eu\/de\/leading-for-regeneration-values-that-shape-the-future-of-leadership\">\n                        F\u00fchren f\u00fcr Regeneration: Werte, die die Zukunft von F\u00fchrung pr\u00e4gen                    <\/a>\n                <\/h2>\n                                                    \n                                                                                                                        <div class=\"post-meta-list\">\n                                                                                                                                <span class=\"meta-date\">\n                                        <i aria-hidden=\"true\" class=\"icon icon-calendar3\"><\/i>                                        <span class=\"meta-date-text\">\n                                            29. Oktober 2025                                        <\/span>\n                                    <\/span>\n                                                                                                                                                    <\/div>\n                                                    \n                                    \n                                                                                                                                                                                <p>Welche pers\u00f6nlichen Werte erm\u00f6glichen eine erfolgreiche Transformation von F\u00fchrung? Dieser Artikel l\u00e4dt Sie ein \u2013 ob als F\u00fchrungskraft, Unternehmer*in, P\u00e4dagog*in&hellip;<\/p>\n                                                                                                                                                                        <div class=\"btn-wraper\">\n                                        \n                                                                                    <a class=\"elementskit-btn whitespace--normal\" id=\"\" href=\"https:\/\/fit4thefuture.eu\/de\/leading-for-regeneration-values-that-shape-the-future-of-leadership\">\n                                                                                                Learn more                                             <\/a>\n                                                                            <\/div>\n                                                            <\/div><!-- .elementskit-post-body END -->\n                        <\/div>\n                    \n                <\/div>\n                            <div class=\"post-item ekit-col-4\">\n\n                                            <div class=\"elementskit-post-image-card\">\n                            <div class=\"elementskit-entry-header\">\n                                                                    <a href=\"https:\/\/fit4thefuture.eu\/de\/leaders-creating-positive-change-interview-with-irini-iacovidou\" class=\"elementskit-entry-thumb\">\n                                        <img decoding=\"async\" src=\"https:\/\/fit4thefuture.eu\/wp-content\/uploads\/2025\/10\/4xb5eNwb4_s-HD-1024x576.jpg\" alt=\"Leaders Creating Positive Change | Interview mit Irini Iacovidou\">\n                                    <\/a><!-- .elementskit-entry-thumb END -->\n                                                                    \n                                \n                                                            <\/div><!-- .elementskit-entry-header END -->\n\n                            <div class=\"elementskit-post-body \">\n                                                                                        <h2 class=\"entry-title\">\n                    <a href=\"https:\/\/fit4thefuture.eu\/de\/leaders-creating-positive-change-interview-with-irini-iacovidou\">\n                        Leaders Creating Positive Change | Interview mit Irini Iacovidou                    <\/a>\n                <\/h2>\n                                                    \n                                                                                                                        <div class=\"post-meta-list\">\n                                                                                                                                <span class=\"meta-date\">\n                                        <i aria-hidden=\"true\" class=\"icon icon-calendar3\"><\/i>                                        <span class=\"meta-date-text\">\n                                            21. Oktober 2025                                        <\/span>\n                                    <\/span>\n                                                                                                                                                    <\/div>\n                                                    \n                                    \n                                                                                                                                                                                <p>In diesem Interview teilt Irini Iacovidou, Leiterin der Projektabteilung bei COMCY (Zypern)\u00a0 ihre Erfahrungen, Einblicke und Werte rund um F\u00fchrung.&hellip;<\/p>\n                                                                                                                                                                        <div class=\"btn-wraper\">\n                                        \n                                                                                    <a class=\"elementskit-btn whitespace--normal\" id=\"\" href=\"https:\/\/fit4thefuture.eu\/de\/leaders-creating-positive-change-interview-with-irini-iacovidou\">\n                                                                                                Learn more                                             <\/a>\n                                                                            <\/div>\n                                                            <\/div><!-- .elementskit-post-body END -->\n                        <\/div>\n                    \n                <\/div>\n                            <div class=\"post-item ekit-col-4\">\n\n                                            <div class=\"elementskit-post-image-card\">\n                            <div class=\"elementskit-entry-header\">\n                                                                    <a href=\"https:\/\/fit4thefuture.eu\/de\/the-urgent-need-for-regenerative-leadership-in-work-and-education\" class=\"elementskit-entry-thumb\">\n                                        <img decoding=\"async\" src=\"https:\/\/fit4thefuture.eu\/wp-content\/uploads\/2025\/09\/news7-f4f.png\" alt=\"Der dringende Bedarf an regenerativer F\u00fchrung in Arbeit und Bildung\">\n                                    <\/a><!-- .elementskit-entry-thumb END -->\n                                                                    \n                                \n                                                            <\/div><!-- .elementskit-entry-header END -->\n\n                            <div class=\"elementskit-post-body \">\n                                                                                        <h2 class=\"entry-title\">\n                    <a href=\"https:\/\/fit4thefuture.eu\/de\/the-urgent-need-for-regenerative-leadership-in-work-and-education\">\n                        Der dringende Bedarf an regenerativer F\u00fchrung in Arbeit und Bildung                    <\/a>\n                <\/h2>\n                                                    \n                                                                                                                        <div class=\"post-meta-list\">\n                                                                                                                                <span class=\"meta-date\">\n                                        <i aria-hidden=\"true\" class=\"icon icon-calendar3\"><\/i>                                        <span class=\"meta-date-text\">\n                                            9. September 2025                                        <\/span>\n                                    <\/span>\n                                                                                                                                                    <\/div>\n                                                    \n                                    \n                                                                                                                                                                                <p>Komplexe Herausforderungen durch Inklusion, Systemdenken und Vielfalt angehen In einer sich rasant ver\u00e4ndernden Welt stehen Organisationen vor beispiellosen sozialen, \u00f6kologischen&hellip;<\/p>\n                                                                                                                                                                        <div class=\"btn-wraper\">\n                                        \n                                                                                    <a class=\"elementskit-btn whitespace--normal\" id=\"\" href=\"https:\/\/fit4thefuture.eu\/de\/the-urgent-need-for-regenerative-leadership-in-work-and-education\">\n                                                                                                Learn more                                             <\/a>\n                                                                            <\/div>\n                                                            <\/div><!-- .elementskit-post-body END -->\n                        <\/div>\n                    \n                <\/div>\n                            <div class=\"post-item ekit-col-4\">\n\n                                            <div class=\"elementskit-post-image-card\">\n                            <div class=\"elementskit-entry-header\">\n                                                                    <a href=\"https:\/\/fit4thefuture.eu\/de\/voices-at-the-table-why-inclusivity-matters-in-the-workplace\" class=\"elementskit-entry-thumb\">\n                                        <img decoding=\"async\" src=\"https:\/\/fit4thefuture.eu\/wp-content\/uploads\/2025\/08\/FFTF_featuredimage_InclusionDiversity-1024x538.jpg\" alt=\"Geh\u00f6rt werden am Arbeitsplatz: Warum Inklusivit\u00e4t wichtig ist\">\n                                    <\/a><!-- .elementskit-entry-thumb END -->\n                                                                    \n                                \n                                                            <\/div><!-- .elementskit-entry-header END -->\n\n                            <div class=\"elementskit-post-body \">\n                                                                                        <h2 class=\"entry-title\">\n                    <a href=\"https:\/\/fit4thefuture.eu\/de\/voices-at-the-table-why-inclusivity-matters-in-the-workplace\">\n                        Geh\u00f6rt werden am Arbeitsplatz: Warum Inklusivit\u00e4t wichtig ist                    <\/a>\n                <\/h2>\n                                                    \n                                                                                                                        <div class=\"post-meta-list\">\n                                                                                                                                <span class=\"meta-date\">\n                                        <i aria-hidden=\"true\" class=\"icon icon-calendar3\"><\/i>                                        <span class=\"meta-date-text\">\n                                            26. August 2025                                        <\/span>\n                                    <\/span>\n                                                                                                                                                    <\/div>\n                                                    \n                                    \n                                                                                                                                                                                <p>Heutzutage geht es bei Vielfalt am Arbeitsplatz nicht mehr nur darum, wer im Raum sitzt, sondern vielmehr darum, wer geh\u00f6rt&hellip;<\/p>\n                                                                                                                                                                        <div class=\"btn-wraper\">\n                                        \n                                                                                    <a class=\"elementskit-btn whitespace--normal\" id=\"\" href=\"https:\/\/fit4thefuture.eu\/de\/voices-at-the-table-why-inclusivity-matters-in-the-workplace\">\n                                                                                                Learn more                                             <\/a>\n                                                                            <\/div>\n                                                            <\/div><!-- .elementskit-post-body END -->\n                        <\/div>\n                    \n                <\/div>\n                            <div class=\"post-item ekit-col-4\">\n\n                                            <div class=\"elementskit-post-image-card\">\n                            <div class=\"elementskit-entry-header\">\n                                                                    <a href=\"https:\/\/fit4thefuture.eu\/de\/fit-for-the-future-sharing-real-stories-to-inspire-inclusive-leadership\" class=\"elementskit-entry-thumb\">\n                                        <img decoding=\"async\" src=\"https:\/\/fit4thefuture.eu\/wp-content\/uploads\/2025\/06\/FitfortheFuture-Efvet-1024x538.png\" alt=\"Fit for the Future: Echte Geschichten f\u00fcr inklusive F\u00fchrung\">\n                                    <\/a><!-- .elementskit-entry-thumb END -->\n                                                                    \n                                \n                                                            <\/div><!-- .elementskit-entry-header END -->\n\n                            <div class=\"elementskit-post-body \">\n                                                                                        <h2 class=\"entry-title\">\n                    <a href=\"https:\/\/fit4thefuture.eu\/de\/fit-for-the-future-sharing-real-stories-to-inspire-inclusive-leadership\">\n                        Fit for the Future: Echte Geschichten f\u00fcr inklusive F\u00fchrung                    <\/a>\n                <\/h2>\n                                                    \n                                                                                                                        <div class=\"post-meta-list\">\n                                                                                                                                <span class=\"meta-date\">\n                                        <i aria-hidden=\"true\" class=\"icon icon-calendar3\"><\/i>                                        <span class=\"meta-date-text\">\n                                            18. Juni 2025                                        <\/span>\n                                    <\/span>\n                                                                                                                                                    <\/div>\n                                                    \n                                    \n                                                                                                                                                                                <p>Neue Projektphase mit Fallstudien und Interviews mit Frauen in F\u00fchrungspositionen, die echten Wandel vorantreiben Einleitung Das Projekt Fit for the&hellip;<\/p>\n                                                                                                                                                                        <div class=\"btn-wraper\">\n                                        \n                                                                                    <a class=\"elementskit-btn whitespace--normal\" id=\"\" href=\"https:\/\/fit4thefuture.eu\/de\/fit-for-the-future-sharing-real-stories-to-inspire-inclusive-leadership\">\n                                                                                                Learn more                                             <\/a>\n                                                                            <\/div>\n                                                            <\/div><!-- .elementskit-post-body END -->\n                        <\/div>\n                    \n                <\/div>\n                            <div class=\"post-item ekit-col-4\">\n\n                                            <div class=\"elementskit-post-image-card\">\n                            <div class=\"elementskit-entry-header\">\n                                                                    <a href=\"https:\/\/fit4thefuture.eu\/de\/breaking-the-glass-ceiling-empowering-women-toward-leadership\" class=\"elementskit-entry-thumb\">\n                                        <img decoding=\"async\" src=\"https:\/\/fit4thefuture.eu\/wp-content\/uploads\/2025\/05\/Photo-4-horizontal.png\" alt=\"Breaking the Glass Ceiling: Frauen f\u00fcr F\u00fchrung st\u00e4rken\">\n                                    <\/a><!-- .elementskit-entry-thumb END -->\n                                                                    \n                                \n                                                            <\/div><!-- .elementskit-entry-header END -->\n\n                            <div class=\"elementskit-post-body \">\n                                                                                        <h2 class=\"entry-title\">\n                    <a href=\"https:\/\/fit4thefuture.eu\/de\/breaking-the-glass-ceiling-empowering-women-toward-leadership\">\n                        Breaking the Glass Ceiling: Frauen f\u00fcr F\u00fchrung st\u00e4rken                    <\/a>\n                <\/h2>\n                                                    \n                                                                                                                        <div class=\"post-meta-list\">\n                                                                                                                                <span class=\"meta-date\">\n                                        <i aria-hidden=\"true\" class=\"icon icon-calendar3\"><\/i>                                        <span class=\"meta-date-text\">\n                                            7. Mai 2025                                        <\/span>\n                                    <\/span>\n                                                                                                                                                    <\/div>\n                                                    \n                                    \n                                                                                                                                                                                <p>Trotz unbestreitbarer Fortschritte in der Geschlechtergerechtigkeit sto\u00dfen weltweit viele Frauen weiterhin auf eine unsichtbare Barriere in ihrer beruflichen Entwicklung. Das&hellip;<\/p>\n                                                                                                                                                                        <div class=\"btn-wraper\">\n                                        \n                                                                                    <a class=\"elementskit-btn whitespace--normal\" id=\"\" href=\"https:\/\/fit4thefuture.eu\/de\/breaking-the-glass-ceiling-empowering-women-toward-leadership\">\n                                                                                                Learn more                                             <\/a>\n                                                                            <\/div>\n                                                            <\/div><!-- .elementskit-post-body END -->\n                        <\/div>\n                    \n                <\/div>\n                            <div class=\"post-item ekit-col-4\">\n\n                                            <div class=\"elementskit-post-image-card\">\n                            <div class=\"elementskit-entry-header\">\n                                                                    <a href=\"https:\/\/fit4thefuture.eu\/de\/fit-for-the-future-advancing-diversity-and-inclusion-through-tangible-results\" class=\"elementskit-entry-thumb\">\n                                        <img decoding=\"async\" src=\"https:\/\/fit4thefuture.eu\/wp-content\/uploads\/2025\/04\/FFTF_ADVANCING_DIVERSITY_03-1-1024x538.jpg\" alt=\"Fit for the Future: Vielfalt und Inklusion durch greifbare Ergebnisse voranbringen\">\n                                    <\/a><!-- .elementskit-entry-thumb END -->\n                                                                    \n                                \n                                                            <\/div><!-- .elementskit-entry-header END -->\n\n                            <div class=\"elementskit-post-body \">\n                                                                                        <h2 class=\"entry-title\">\n                    <a href=\"https:\/\/fit4thefuture.eu\/de\/fit-for-the-future-advancing-diversity-and-inclusion-through-tangible-results\">\n                        Fit for the Future: Vielfalt und Inklusion durch greifbare Ergebnisse voranbringen                    <\/a>\n                <\/h2>\n                                                    \n                                                                                                                        <div class=\"post-meta-list\">\n                                                                                                                                <span class=\"meta-date\">\n                                        <i aria-hidden=\"true\" class=\"icon icon-calendar3\"><\/i>                                        <span class=\"meta-date-text\">\n                                            28. M\u00e4rz 2025                                        <\/span>\n                                    <\/span>\n                                                                                                                                                    <\/div>\n                                                    \n                                    \n                                                                                                                                                                                <p>Im Verlauf des Fit for the Future Projekts freuen wir uns, die zentralen Ergebnisse zu pr\u00e4sentieren, die die Zukunft der&hellip;<\/p>\n                                                                                                                                                                        <div class=\"btn-wraper\">\n                                        \n                                                                                    <a class=\"elementskit-btn whitespace--normal\" id=\"\" href=\"https:\/\/fit4thefuture.eu\/de\/fit-for-the-future-advancing-diversity-and-inclusion-through-tangible-results\">\n                                                                                                Learn more                                             <\/a>\n                                                                            <\/div>\n                                                            <\/div><!-- .elementskit-post-body END -->\n                        <\/div>\n                    \n                <\/div>\n                            <div class=\"post-item ekit-col-4\">\n\n                                            <div class=\"elementskit-post-image-card\">\n                            <div class=\"elementskit-entry-header\">\n                                                                    <a href=\"https:\/\/fit4thefuture.eu\/de\/introducing-the-fit-for-the-future-project\" class=\"elementskit-entry-thumb\">\n                                        <img decoding=\"async\" src=\"https:\/\/fit4thefuture.eu\/wp-content\/uploads\/2025\/04\/FFTF_OBJECTIVESACTIVITIES_02-1024x538.jpg\" alt=\"Einf\u00fchrung in das Projekt Fit for the Future\">\n                                    <\/a><!-- .elementskit-entry-thumb END -->\n                                                                    \n                                \n                                                            <\/div><!-- .elementskit-entry-header END -->\n\n                            <div class=\"elementskit-post-body \">\n                                                                                        <h2 class=\"entry-title\">\n                    <a href=\"https:\/\/fit4thefuture.eu\/de\/introducing-the-fit-for-the-future-project\">\n                        Einf\u00fchrung in das Projekt Fit for the Future                    <\/a>\n                <\/h2>\n                                                    \n                                                                                                                        <div class=\"post-meta-list\">\n                                                                                                                                <span class=\"meta-date\">\n                                        <i aria-hidden=\"true\" class=\"icon icon-calendar3\"><\/i>                                        <span class=\"meta-date-text\">\n                                            14. M\u00e4rz 2025                                        <\/span>\n                                    <\/span>\n                                                                                                                                                    <\/div>\n                                                    \n                                    \n                                                                                                                                                                                <p>Fit for the Future (FFTF) ist ein Erasmus+ KA2-Projekt, das darauf abzielt, Systeme der beruflichen Aus- und Weiterbildung (VET) weiterzuentwickeln.&hellip;<\/p>\n                                                                                                                                                                        <div class=\"btn-wraper\">\n                                        \n                                                                                    <a class=\"elementskit-btn whitespace--normal\" id=\"\" href=\"https:\/\/fit4thefuture.eu\/de\/introducing-the-fit-for-the-future-project\">\n                                                                                                Learn more                                             <\/a>\n                                                                            <\/div>\n                                                            <\/div><!-- .elementskit-post-body END -->\n                        <\/div>\n                    \n                <\/div>\n                            <div class=\"post-item ekit-col-4\">\n\n                                            <div class=\"elementskit-post-image-card\">\n                            <div class=\"elementskit-entry-header\">\n                                                                    <a href=\"https:\/\/fit4thefuture.eu\/de\/fit-for-the-future-project-has-officially-begun\" class=\"elementskit-entry-thumb\">\n                                        <img decoding=\"async\" src=\"https:\/\/fit4thefuture.eu\/wp-content\/uploads\/2025\/04\/FFTF-LAUNCH-1024x538.jpg\" alt=\"Das Fit for the Future-Projekt hat offiziell begonnen!\">\n                                    <\/a><!-- .elementskit-entry-thumb END -->\n                                                                    \n                                \n                                                            <\/div><!-- .elementskit-entry-header END -->\n\n                            <div class=\"elementskit-post-body \">\n                                                                                        <h2 class=\"entry-title\">\n                    <a href=\"https:\/\/fit4thefuture.eu\/de\/fit-for-the-future-project-has-officially-begun\">\n                        Das Fit for the Future-Projekt hat offiziell begonnen!                    <\/a>\n                <\/h2>\n                                                    \n                                                                                                                        <div class=\"post-meta-list\">\n                                                                                                                                <span class=\"meta-date\">\n                                        <i aria-hidden=\"true\" class=\"icon icon-calendar3\"><\/i>                                        <span class=\"meta-date-text\">\n                                            11. Februar 2025                                        <\/span>\n                                    <\/span>\n                                                                                                                                                    <\/div>\n                                                    \n                                    \n                                                                                                                                                                                <p>Wir freuen uns sehr, den Start von Fit for the Future bekannt zu geben \u2013 einem neuen Erasmus+ KA2-Projekt, das&hellip;<\/p>\n                                                                                                                                                                        <div class=\"btn-wraper\">\n                                        \n                                                                                    <a class=\"elementskit-btn whitespace--normal\" id=\"\" href=\"https:\/\/fit4thefuture.eu\/de\/fit-for-the-future-project-has-officially-begun\">\n                                                                                                Learn more                                             <\/a>\n                                                                            <\/div>\n                                                            <\/div><!-- .elementskit-post-body END -->\n                        <\/div>\n                    \n                <\/div>\n                    <\/div>\n    <\/div>\t\t\t\t<\/div>\n\t\t\t\t<\/div>\n\t\t\t\t<\/div>\n\t\t\t\t\t<\/div>\n\t\t\t\t<\/div>\n\t\t\t\t<\/div>\n\t\t","protected":false},"excerpt":{"rendered":"<p>Newsletter Weitere Informationen Weitere Informationen Weitere Informationen Weitere Informationen Neuigkeiten Agenda 2030, equidad e inclusi\u00f3n: el papel de la DEI [&hellip;]<\/p>\n","protected":false},"author":1,"featured_media":0,"parent":0,"menu_order":0,"comment_status":"closed","ping_status":"closed","template":"","meta":{"inline_featured_image":false,"site-sidebar-layout":"no-sidebar","site-content-layout":"","ast-site-content-layout":"full-width-container","site-content-style":"default","site-sidebar-style":"default","ast-global-header-display":"","ast-banner-title-visibility":"","ast-main-header-display":"","ast-hfb-above-header-display":"","ast-hfb-below-header-display":"","ast-hfb-mobile-header-display":"","site-post-title":"disabled","ast-breadcrumbs-content":"","ast-featured-img":"disabled","footer-sml-layout":"","ast-disable-related-posts":"","theme-transparent-header-meta":"default","adv-header-id-meta":"","stick-header-meta":"","header-above-stick-meta":"","header-main-stick-meta":"","header-below-stick-meta":"","astra-migrate-meta-layouts":"set","ast-page-background-enabled":"default","ast-page-background-meta":{"desktop":{"background-color":"var(--ast-global-color-5)","background-image":"","background-repeat":"repeat","background-position":"center center","background-size":"auto","background-attachment":"scroll","background-type":"","background-media":"","overlay-type":"","overlay-color":"","overlay-opacity":"","overlay-gradient":""},"tablet":{"background-color":"","background-image":"","background-repeat":"repeat","background-position":"center center","background-size":"auto","background-attachment":"scroll","background-type":"","background-media":"","overlay-type":"","overlay-color":"","overlay-opacity":"","overlay-gradient":""},"mobile":{"background-color":"","background-image":"","background-repeat":"repeat","background-position":"center center","background-size":"auto","background-attachment":"scroll","background-type":"","background-media":"","overlay-type":"","overlay-color":"","overlay-opacity":"","overlay-gradient":""}},"ast-content-background-meta":{"desktop":{"background-color":"var(--ast-global-color-4)","background-image":"","background-repeat":"repeat","background-position":"center center","background-size":"auto","background-attachment":"scroll","background-type":"","background-media":"","overlay-type":"","overlay-color":"","overlay-opacity":"","overlay-gradient":""},"tablet":{"background-color":"var(--ast-global-color-4)","background-image":"","background-repeat":"repeat","background-position":"center center","background-size":"auto","background-attachment":"scroll","background-type":"","background-media":"","overlay-type":"","overlay-color":"","overlay-opacity":"","overlay-gradient":""},"mobile":{"background-color":"var(--ast-global-color-4)","background-image":"","background-repeat":"repeat","background-position":"center center","background-size":"auto","background-attachment":"scroll","background-type":"","background-media":"","overlay-type":"","overlay-color":"","overlay-opacity":"","overlay-gradient":""}},"footnotes":""},"class_list":["post-1127","page","type-page","status-publish","hentry"],"_links":{"self":[{"href":"https:\/\/fit4thefuture.eu\/de\/wp-json\/wp\/v2\/pages\/1127","targetHints":{"allow":["GET"]}}],"collection":[{"href":"https:\/\/fit4thefuture.eu\/de\/wp-json\/wp\/v2\/pages"}],"about":[{"href":"https:\/\/fit4thefuture.eu\/de\/wp-json\/wp\/v2\/types\/page"}],"author":[{"embeddable":true,"href":"https:\/\/fit4thefuture.eu\/de\/wp-json\/wp\/v2\/users\/1"}],"replies":[{"embeddable":true,"href":"https:\/\/fit4thefuture.eu\/de\/wp-json\/wp\/v2\/comments?post=1127"}],"version-history":[{"count":25,"href":"https:\/\/fit4thefuture.eu\/de\/wp-json\/wp\/v2\/pages\/1127\/revisions"}],"predecessor-version":[{"id":9111,"href":"https:\/\/fit4thefuture.eu\/de\/wp-json\/wp\/v2\/pages\/1127\/revisions\/9111"}],"wp:attachment":[{"href":"https:\/\/fit4thefuture.eu\/de\/wp-json\/wp\/v2\/media?parent=1127"}],"curies":[{"name":"wp","href":"https:\/\/api.w.org\/{rel}","templated":true}]}}