{"id":1131,"date":"2025-02-11T08:03:10","date_gmt":"2025-02-11T08:03:10","guid":{"rendered":"https:\/\/fit4thefuture.eu\/?page_id=1131"},"modified":"2026-08-13T13:07:25","modified_gmt":"2026-08-13T13:07:25","slug":"noticias","status":"publish","type":"page","link":"https:\/\/fit4thefuture.eu\/pt-pt\/noticias","title":{"rendered":"Not\u00edcias"},"content":{"rendered":"\t\t<div data-elementor-type=\"wp-page\" data-elementor-id=\"1131\" class=\"elementor elementor-1131 elementor-17\" data-elementor-post-type=\"page\">\n\t\t\t\t<div class=\"elementor-element elementor-element-f8b85d6 e-flex e-con-boxed e-con e-parent\" data-id=\"f8b85d6\" data-element_type=\"container\" data-e-type=\"container\" data-settings=\"{&quot;jet_parallax_layout_list&quot;:[]}\">\n\t\t\t\t\t<div class=\"e-con-inner\">\n\t\t\t\t<div class=\"elementor-element elementor-element-38c8f83 elementor-widget elementor-widget-heading\" data-id=\"38c8f83\" data-element_type=\"widget\" data-e-type=\"widget\" data-widget_type=\"heading.default\">\n\t\t\t\t<div class=\"elementor-widget-container\">\n\t\t\t\t\t<h2 class=\"elementor-heading-title elementor-size-default\">Boletins informativos<\/h2>\t\t\t\t<\/div>\n\t\t\t\t<\/div>\n\t\t<div class=\"elementor-element elementor-element-283abb0 e-con-full e-grid e-con e-child\" data-id=\"283abb0\" data-element_type=\"container\" data-e-type=\"container\" data-settings=\"{&quot;jet_parallax_layout_list&quot;:[]}\">\n\t\t<div class=\"elementor-element elementor-element-f064ff2 e-con-full e-flex e-con e-child\" data-id=\"f064ff2\" data-element_type=\"container\" data-e-type=\"container\" data-settings=\"{&quot;jet_parallax_layout_list&quot;:[]}\">\n\t\t\t\t<div class=\"elementor-element elementor-element-d014d61 elementor-widget__width-auto elementor-widget elementor-widget-image\" data-id=\"d014d61\" data-element_type=\"widget\" data-e-type=\"widget\" data-widget_type=\"image.default\">\n\t\t\t\t<div class=\"elementor-widget-container\">\n\t\t\t\t\t\t\t\t\t\t\t\t\t\t\t<img fetchpriority=\"high\" decoding=\"async\" width=\"300\" height=\"300\" src=\"https:\/\/fit4thefuture.eu\/wp-content\/uploads\/2025\/06\/DE_F4F_1st-Newsletter_mockup-300x300.png\" class=\"attachment-medium size-medium wp-image-1369\" alt=\"\" srcset=\"https:\/\/fit4thefuture.eu\/wp-content\/uploads\/2025\/06\/DE_F4F_1st-Newsletter_mockup-300x300.png 300w, https:\/\/fit4thefuture.eu\/wp-content\/uploads\/2025\/06\/DE_F4F_1st-Newsletter_mockup-150x150.png 150w, https:\/\/fit4thefuture.eu\/wp-content\/uploads\/2025\/06\/DE_F4F_1st-Newsletter_mockup-768x768.png 768w, https:\/\/fit4thefuture.eu\/wp-content\/uploads\/2025\/06\/DE_F4F_1st-Newsletter_mockup.png 1000w\" sizes=\"(max-width: 300px) 100vw, 300px\" \/>\t\t\t\t\t\t\t\t\t\t\t\t\t\t\t<\/div>\n\t\t\t\t<\/div>\n\t\t\t\t<div class=\"elementor-element elementor-element-55bf093 elementor-widget elementor-widget-jet-button\" data-id=\"55bf093\" data-element_type=\"widget\" data-e-type=\"widget\" data-widget_type=\"jet-button.default\">\n\t\t\t\t<div class=\"elementor-widget-container\">\n\t\t\t\t\t<div class=\"elementor-jet-button jet-elements\"><div class=\"jet-button__container\">\n\t<a class=\"jet-button__instance jet-button__instance--icon-right hover-effect-6\" href=\"https:\/\/fit4thefuture.eu\/wp-content\/uploads\/2025\/06\/PT_F4F_1st-Newsletter.pdf\" target=\"_blank\">\n\t\t<div class=\"jet-button__plane jet-button__plane-normal\"><\/div>\n\t\t<div class=\"jet-button__plane jet-button__plane-hover\"><\/div>\n\t\t<div class=\"jet-button__state jet-button__state-normal\">\n\t\t\t<span class=\"jet-button__icon jet-elements-icon\"><svg aria-hidden=\"true\" class=\"e-font-icon-svg e-fas-angle-right\" viewBox=\"0 0 256 512\" xmlns=\"http:\/\/www.w3.org\/2000\/svg\"><path d=\"M224.3 273l-136 136c-9.4 9.4-24.6 9.4-33.9 0l-22.6-22.6c-9.4-9.4-9.4-24.6 0-33.9l96.4-96.4-96.4-96.4c-9.4-9.4-9.4-24.6 0-33.9L54.3 103c9.4-9.4 24.6-9.4 33.9 0l136 136c9.5 9.4 9.5 24.6.1 34z\"><\/path><\/svg><\/span><span class=\"jet-button__label\">Mais Informa\u00e7\u00f5es<\/span>\t\t<\/div>\n\t\t<div class=\"jet-button__state jet-button__state-hover\">\n\t\t\t<span class=\"jet-button__icon jet-elements-icon\"><svg aria-hidden=\"true\" class=\"e-font-icon-svg e-fas-angle-right\" viewBox=\"0 0 256 512\" xmlns=\"http:\/\/www.w3.org\/2000\/svg\"><path d=\"M224.3 273l-136 136c-9.4 9.4-24.6 9.4-33.9 0l-22.6-22.6c-9.4-9.4-9.4-24.6 0-33.9l96.4-96.4-96.4-96.4c-9.4-9.4-9.4-24.6 0-33.9L54.3 103c9.4-9.4 24.6-9.4 33.9 0l136 136c9.5 9.4 9.5 24.6.1 34z\"><\/path><\/svg><\/span><span class=\"jet-button__label\">Mais Informa\u00e7\u00f5es<\/span>\t\t<\/div>\n\t<\/a>\n<\/div>\n<\/div>\t\t\t\t<\/div>\n\t\t\t\t<\/div>\n\t\t\t\t<\/div>\n\t\t<div class=\"elementor-element elementor-element-61e2251 e-con-full e-flex e-con e-child\" data-id=\"61e2251\" data-element_type=\"container\" data-e-type=\"container\" data-settings=\"{&quot;jet_parallax_layout_list&quot;:[]}\">\n\t\t\t\t<div class=\"elementor-element elementor-element-71ceb72 elementor-widget__width-auto elementor-widget elementor-widget-image\" data-id=\"71ceb72\" data-element_type=\"widget\" data-e-type=\"widget\" data-widget_type=\"image.default\">\n\t\t\t\t<div class=\"elementor-widget-container\">\n\t\t\t\t\t\t\t\t\t\t\t\t\t\t\t<img decoding=\"async\" width=\"300\" height=\"300\" src=\"https:\/\/fit4thefuture.eu\/wp-content\/uploads\/2026\/04\/PT_F4F_2nd-Newsletter_mockup-300x300.png\" class=\"attachment-medium size-medium wp-image-6216\" alt=\"\" srcset=\"https:\/\/fit4thefuture.eu\/wp-content\/uploads\/2026\/04\/PT_F4F_2nd-Newsletter_mockup-300x300.png 300w, https:\/\/fit4thefuture.eu\/wp-content\/uploads\/2026\/04\/PT_F4F_2nd-Newsletter_mockup-150x150.png 150w, https:\/\/fit4thefuture.eu\/wp-content\/uploads\/2026\/04\/PT_F4F_2nd-Newsletter_mockup-768x768.png 768w, https:\/\/fit4thefuture.eu\/wp-content\/uploads\/2026\/04\/PT_F4F_2nd-Newsletter_mockup.png 1000w\" sizes=\"(max-width: 300px) 100vw, 300px\" \/>\t\t\t\t\t\t\t\t\t\t\t\t\t\t\t<\/div>\n\t\t\t\t<\/div>\n\t\t\t\t<div class=\"elementor-element elementor-element-328dbb3 elementor-widget elementor-widget-jet-button\" data-id=\"328dbb3\" data-element_type=\"widget\" data-e-type=\"widget\" data-widget_type=\"jet-button.default\">\n\t\t\t\t<div class=\"elementor-widget-container\">\n\t\t\t\t\t<div class=\"elementor-jet-button jet-elements\"><div class=\"jet-button__container\">\n\t<a class=\"jet-button__instance jet-button__instance--icon-right hover-effect-6\" href=\"https:\/\/fit4thefuture.eu\/wp-content\/uploads\/2026\/04\/PT_F4F_2nd-Newsletter.pdf\" target=\"_blank\">\n\t\t<div class=\"jet-button__plane jet-button__plane-normal\"><\/div>\n\t\t<div class=\"jet-button__plane jet-button__plane-hover\"><\/div>\n\t\t<div class=\"jet-button__state jet-button__state-normal\">\n\t\t\t<span class=\"jet-button__icon jet-elements-icon\"><svg aria-hidden=\"true\" class=\"e-font-icon-svg e-fas-angle-right\" viewBox=\"0 0 256 512\" xmlns=\"http:\/\/www.w3.org\/2000\/svg\"><path d=\"M224.3 273l-136 136c-9.4 9.4-24.6 9.4-33.9 0l-22.6-22.6c-9.4-9.4-9.4-24.6 0-33.9l96.4-96.4-96.4-96.4c-9.4-9.4-9.4-24.6 0-33.9L54.3 103c9.4-9.4 24.6-9.4 33.9 0l136 136c9.5 9.4 9.5 24.6.1 34z\"><\/path><\/svg><\/span><span class=\"jet-button__label\">Mais Informa\u00e7\u00f5es<\/span>\t\t<\/div>\n\t\t<div class=\"jet-button__state jet-button__state-hover\">\n\t\t\t<span class=\"jet-button__icon jet-elements-icon\"><svg aria-hidden=\"true\" class=\"e-font-icon-svg e-fas-angle-right\" viewBox=\"0 0 256 512\" xmlns=\"http:\/\/www.w3.org\/2000\/svg\"><path d=\"M224.3 273l-136 136c-9.4 9.4-24.6 9.4-33.9 0l-22.6-22.6c-9.4-9.4-9.4-24.6 0-33.9l96.4-96.4-96.4-96.4c-9.4-9.4-9.4-24.6 0-33.9L54.3 103c9.4-9.4 24.6-9.4 33.9 0l136 136c9.5 9.4 9.5 24.6.1 34z\"><\/path><\/svg><\/span><span class=\"jet-button__label\">Mais Informa\u00e7\u00f5es<\/span>\t\t<\/div>\n\t<\/a>\n<\/div>\n<\/div>\t\t\t\t<\/div>\n\t\t\t\t<\/div>\n\t\t\t\t<\/div>\n\t\t\t\t<\/div>\n\t\t\t\t\t<\/div>\n\t\t\t\t<\/div>\n\t\t<div class=\"elementor-element elementor-element-d881b12 e-flex e-con-boxed e-con e-parent\" data-id=\"d881b12\" data-element_type=\"container\" data-e-type=\"container\" data-settings=\"{&quot;jet_parallax_layout_list&quot;:[]}\">\n\t\t\t\t\t<div class=\"e-con-inner\">\n\t\t\t\t<div class=\"elementor-element elementor-element-c88002a elementor-widget elementor-widget-heading\" data-id=\"c88002a\" data-element_type=\"widget\" data-e-type=\"widget\" data-widget_type=\"heading.default\">\n\t\t\t\t<div class=\"elementor-widget-container\">\n\t\t\t\t\t<h2 class=\"elementor-heading-title elementor-size-default\">Not\u00edcias<\/h2>\t\t\t\t<\/div>\n\t\t\t\t<\/div>\n\t\t\t\t<div class=\"elementor-element elementor-element-8728086 elementor-widget elementor-widget-elementskit-blog-posts\" data-id=\"8728086\" data-element_type=\"widget\" data-e-type=\"widget\" data-widget_type=\"elementskit-blog-posts.default\">\n\t\t\t\t<div class=\"elementor-widget-container\">\n\t\t\t\t\t<div class=\"ekit-wid-con\" >        <div id=\"post-items--8728086\" class=\"ekit-row post-items ekit-blog-post-masonry-inactive\">\n                            <div class=\"post-item ekit-col-4\">\n\n                                            <div class=\"elementskit-post-image-card\">\n                            <div class=\"elementskit-entry-header\">\n                                                                    <a href=\"https:\/\/fit4thefuture.eu\/pt-pt\/agenda-2030-equidade-e-inclusao-o-papel-da-dei-na-igualdade-e-no-desenvolvimento-sustentavel\" class=\"elementskit-entry-thumb\">\n                                        <img decoding=\"async\" src=\"https:\/\/fit4thefuture.eu\/wp-content\/uploads\/2026\/07\/2030-agenda.png\" alt=\"Agenda 2030, Equidade e Inclus\u00e3o: o papel da DEI na igualdade e no desenvolvimento sustent\u00e1vel\">\n                                    <\/a><!-- .elementskit-entry-thumb END -->\n                                                                    \n                                \n                                                            <\/div><!-- .elementskit-entry-header END -->\n\n                            <div class=\"elementskit-post-body \">\n                                                                                        <h2 class=\"entry-title\">\n                    <a href=\"https:\/\/fit4thefuture.eu\/pt-pt\/agenda-2030-equidade-e-inclusao-o-papel-da-dei-na-igualdade-e-no-desenvolvimento-sustentavel\">\n                        Agenda 2030, Equidade e Inclus\u00e3o: o papel da DEI na igualdade e no desenvolvimento sustent\u00e1vel                    <\/a>\n                <\/h2>\n                                                    \n                                                                                                                        <div class=\"post-meta-list\">\n                                                                                                                                <span class=\"meta-date\">\n                                        <i aria-hidden=\"true\" class=\"icon icon-calendar3\"><\/i>                                        <span class=\"meta-date-text\">\n                                            7 de Julho, 2026                                        <\/span>\n                                    <\/span>\n                                                                                                                                                    <\/div>\n                                                    \n                                    \n                                                                                                                                                                                <p>Na sociedade globalizada e em constante evolu\u00e7\u00e3o tecnol\u00f3gica dos dias de hoje, as organiza\u00e7\u00f5es operam em contextos cada vez mais&hellip;<\/p>\n                                                                                                                                                                        <div class=\"btn-wraper\">\n                                        \n                                                                                    <a class=\"elementskit-btn whitespace--normal\" id=\"\" href=\"https:\/\/fit4thefuture.eu\/pt-pt\/agenda-2030-equidade-e-inclusao-o-papel-da-dei-na-igualdade-e-no-desenvolvimento-sustentavel\">\n                                                                                                Learn more                                             <\/a>\n                                                                            <\/div>\n                                                            <\/div><!-- .elementskit-post-body END -->\n                        <\/div>\n                    \n                <\/div>\n                            <div class=\"post-item ekit-col-4\">\n\n                                            <div class=\"elementskit-post-image-card\">\n                            <div class=\"elementskit-entry-header\">\n                                                                    <a href=\"https:\/\/fit4thefuture.eu\/pt-pt\/aprender-com-as-redes-moldar-o-futuro-em-conjunto\" class=\"elementskit-entry-thumb\">\n                                        <img decoding=\"async\" src=\"https:\/\/fit4thefuture.eu\/wp-content\/uploads\/2026\/06\/Learning-from-Networks.jpg\" alt=\"Aprender com as redes: moldar o futuro em conjunto\">\n                                    <\/a><!-- .elementskit-entry-thumb END -->\n                                                                    \n                                \n                                                            <\/div><!-- .elementskit-entry-header END -->\n\n                            <div class=\"elementskit-post-body \">\n                                                                                        <h2 class=\"entry-title\">\n                    <a href=\"https:\/\/fit4thefuture.eu\/pt-pt\/aprender-com-as-redes-moldar-o-futuro-em-conjunto\">\n                        Aprender com as redes: moldar o futuro em conjunto                    <\/a>\n                <\/h2>\n                                                    \n                                                                                                                        <div class=\"post-meta-list\">\n                                                                                                                                <span class=\"meta-date\">\n                                        <i aria-hidden=\"true\" class=\"icon icon-calendar3\"><\/i>                                        <span class=\"meta-date-text\">\n                                            30 de Junho, 2026                                        <\/span>\n                                    <\/span>\n                                                                                                                                                    <\/div>\n                                                    \n                                    \n                                                                                                                                                                                <p>No fit4thefuture, acreditamos que a mudan\u00e7a sustent\u00e1vel acontece quando as pessoas se relacionam, partilham experi\u00eancias e aprendem umas com as&hellip;<\/p>\n                                                                                                                                                                        <div class=\"btn-wraper\">\n                                        \n                                                                                    <a class=\"elementskit-btn whitespace--normal\" id=\"\" href=\"https:\/\/fit4thefuture.eu\/pt-pt\/aprender-com-as-redes-moldar-o-futuro-em-conjunto\">\n                                                                                                Learn more                                             <\/a>\n                                                                            <\/div>\n                                                            <\/div><!-- .elementskit-post-body END -->\n                        <\/div>\n                    \n                <\/div>\n                            <div class=\"post-item ekit-col-4\">\n\n                                            <div class=\"elementskit-post-image-card\">\n                            <div class=\"elementskit-entry-header\">\n                                                                    <a href=\"https:\/\/fit4thefuture.eu\/pt-pt\/3-days-to-inspire-learn-and-transform-%f0%9f%8c%8d\" class=\"elementskit-entry-thumb\">\n                                        <img decoding=\"async\" src=\"https:\/\/fit4thefuture.eu\/wp-content\/uploads\/2026\/05\/Article-May-1024x682.webp\" alt=\"3 dias para inspirar, aprender e transformar \ud83c\udf0d\">\n                                    <\/a><!-- .elementskit-entry-thumb END -->\n                                                                    \n                                \n                                                            <\/div><!-- .elementskit-entry-header END -->\n\n                            <div class=\"elementskit-post-body \">\n                                                                                        <h2 class=\"entry-title\">\n                    <a href=\"https:\/\/fit4thefuture.eu\/pt-pt\/3-days-to-inspire-learn-and-transform-%f0%9f%8c%8d\">\n                        3 dias para inspirar, aprender e transformar \ud83c\udf0d                    <\/a>\n                <\/h2>\n                                                    \n                                                                                                                        <div class=\"post-meta-list\">\n                                                                                                                                <span class=\"meta-date\">\n                                        <i aria-hidden=\"true\" class=\"icon icon-calendar3\"><\/i>                                        <span class=\"meta-date-text\">\n                                            25 de Maio, 2026                                        <\/span>\n                                    <\/span>\n                                                                                                                                                    <\/div>\n                                                    \n                                    \n                                                                                                                                                                                <p>De 30 de junho a 2 de julho de 2026, este workshop transnacional proporcionar\u00e1 um espa\u00e7o de colabora\u00e7\u00e3o, partilha de&hellip;<\/p>\n                                                                                                                                                                        <div class=\"btn-wraper\">\n                                        \n                                                                                    <a class=\"elementskit-btn whitespace--normal\" id=\"\" href=\"https:\/\/fit4thefuture.eu\/pt-pt\/3-days-to-inspire-learn-and-transform-%f0%9f%8c%8d\">\n                                                                                                Learn more                                             <\/a>\n                                                                            <\/div>\n                                                            <\/div><!-- .elementskit-post-body END -->\n                        <\/div>\n                    \n                <\/div>\n                            <div class=\"post-item ekit-col-4\">\n\n                                            <div class=\"elementskit-post-image-card\">\n                            <div class=\"elementskit-entry-header\">\n                                                                    <a href=\"https:\/\/fit4thefuture.eu\/pt-pt\/fit-for-the-future-webinar-on-diversity-and-inclusion-systems-thinking-in-vet\" class=\"elementskit-entry-thumb\">\n                                        <img decoding=\"async\" src=\"https:\/\/fit4thefuture.eu\/wp-content\/uploads\/2026\/04\/featured_FFF_15.04.26-1024x538.png\" alt=\"Webinar Fit for the Future sobre Diversidade e Inclus\u00e3o | Pensamento sist\u00e9mico na EFP\">\n                                    <\/a><!-- .elementskit-entry-thumb END -->\n                                                                    \n                                \n                                                            <\/div><!-- .elementskit-entry-header END -->\n\n                            <div class=\"elementskit-post-body \">\n                                                                                        <h2 class=\"entry-title\">\n                    <a href=\"https:\/\/fit4thefuture.eu\/pt-pt\/fit-for-the-future-webinar-on-diversity-and-inclusion-systems-thinking-in-vet\">\n                        Webinar Fit for the Future sobre Diversidade e Inclus\u00e3o | Pensamento sist\u00e9mico na EFP                    <\/a>\n                <\/h2>\n                                                    \n                                                                                                                        <div class=\"post-meta-list\">\n                                                                                                                                <span class=\"meta-date\">\n                                        <i aria-hidden=\"true\" class=\"icon icon-calendar3\"><\/i>                                        <span class=\"meta-date-text\">\n                                            15 de Abril, 2026                                        <\/span>\n                                    <\/span>\n                                                                                                                                                    <\/div>\n                                                    \n                                    \n                                                                                                                                                                                <p>Descubra os destaques do webinar Fit for the Future sobre pensamento sist\u00e9mico, diversidade e inclus\u00e3o. Explore a base de dados&hellip;<\/p>\n                                                                                                                                                                        <div class=\"btn-wraper\">\n                                        \n                                                                                    <a class=\"elementskit-btn whitespace--normal\" id=\"\" href=\"https:\/\/fit4thefuture.eu\/pt-pt\/fit-for-the-future-webinar-on-diversity-and-inclusion-systems-thinking-in-vet\">\n                                                                                                Learn more                                             <\/a>\n                                                                            <\/div>\n                                                            <\/div><!-- .elementskit-post-body END -->\n                        <\/div>\n                    \n                <\/div>\n                            <div class=\"post-item ekit-col-4\">\n\n                                            <div class=\"elementskit-post-image-card\">\n                            <div class=\"elementskit-entry-header\">\n                                                                    <a href=\"https:\/\/fit4thefuture.eu\/pt-pt\/digital-pathways-to-democratic-competence-the-fit-lab-supporting-systemic-change-in-vet\" class=\"elementskit-entry-thumb\">\n                                        <img decoding=\"async\" src=\"https:\/\/fit4thefuture.eu\/wp-content\/uploads\/2026\/02\/EUROSC_F4F_VET-1024x538.png\" alt=\"Caminhos digitais para a compet\u00eancia democr\u00e1tica: o FIT LAB apoia a mudan\u00e7a sist\u00e9mica no EFP\">\n                                    <\/a><!-- .elementskit-entry-thumb END -->\n                                                                    \n                                \n                                                            <\/div><!-- .elementskit-entry-header END -->\n\n                            <div class=\"elementskit-post-body \">\n                                                                                        <h2 class=\"entry-title\">\n                    <a href=\"https:\/\/fit4thefuture.eu\/pt-pt\/digital-pathways-to-democratic-competence-the-fit-lab-supporting-systemic-change-in-vet\">\n                        Caminhos digitais para a compet\u00eancia democr\u00e1tica: o FIT LAB apoia a mudan\u00e7a sist\u00e9mica no EFP                    <\/a>\n                <\/h2>\n                                                    \n                                                                                                                        <div class=\"post-meta-list\">\n                                                                                                                                <span class=\"meta-date\">\n                                        <i aria-hidden=\"true\" class=\"icon icon-calendar3\"><\/i>                                        <span class=\"meta-date-text\">\n                                            2 de Fevereiro, 2026                                        <\/span>\n                                    <\/span>\n                                                                                                                                                    <\/div>\n                                                    \n                                    \n                                                                                                                                                                                <p>Resumo \u00c0 medida que os sistemas de ensino e forma\u00e7\u00e3o profissional (EFP) em toda a Europa assumem cada vez mais&hellip;<\/p>\n                                                                                                                                                                        <div class=\"btn-wraper\">\n                                        \n                                                                                    <a class=\"elementskit-btn whitespace--normal\" id=\"\" href=\"https:\/\/fit4thefuture.eu\/pt-pt\/digital-pathways-to-democratic-competence-the-fit-lab-supporting-systemic-change-in-vet\">\n                                                                                                Learn more                                             <\/a>\n                                                                            <\/div>\n                                                            <\/div><!-- .elementskit-post-body END -->\n                        <\/div>\n                    \n                <\/div>\n                            <div class=\"post-item ekit-col-4\">\n\n                                            <div class=\"elementskit-post-image-card\">\n                            <div class=\"elementskit-entry-header\">\n                                                                    <a href=\"https:\/\/fit4thefuture.eu\/pt-pt\/fit4future-a-key-transnational-milestone-in-aveiro\" class=\"elementskit-entry-thumb\">\n                                        <img decoding=\"async\" src=\"https:\/\/fit4thefuture.eu\/wp-content\/uploads\/2026\/02\/fit4future-photo.png\" alt=\"Fit4Future: um marco transnacional importante em Aveiro\">\n                                    <\/a><!-- .elementskit-entry-thumb END -->\n                                                                    \n                                \n                                                            <\/div><!-- .elementskit-entry-header END -->\n\n                            <div class=\"elementskit-post-body \">\n                                                                                        <h2 class=\"entry-title\">\n                    <a href=\"https:\/\/fit4thefuture.eu\/pt-pt\/fit4future-a-key-transnational-milestone-in-aveiro\">\n                        Fit4Future: um marco transnacional importante em Aveiro                    <\/a>\n                <\/h2>\n                                                    \n                                                                                                                        <div class=\"post-meta-list\">\n                                                                                                                                <span class=\"meta-date\">\n                                        <i aria-hidden=\"true\" class=\"icon icon-calendar3\"><\/i>                                        <span class=\"meta-date-text\">\n                                            27 de Janeiro, 2026                                        <\/span>\n                                    <\/span>\n                                                                                                                                                    <\/div>\n                                                    \n                                    \n                                                                                                                                                                                <p>Em 23 de outubro de 2025, a Universidade de Aveiro recebeu parceiros de toda a Europa para a segunda reuni\u00e3o&hellip;<\/p>\n                                                                                                                                                                        <div class=\"btn-wraper\">\n                                        \n                                                                                    <a class=\"elementskit-btn whitespace--normal\" id=\"\" href=\"https:\/\/fit4thefuture.eu\/pt-pt\/fit4future-a-key-transnational-milestone-in-aveiro\">\n                                                                                                Learn more                                             <\/a>\n                                                                            <\/div>\n                                                            <\/div><!-- .elementskit-post-body END -->\n                        <\/div>\n                    \n                <\/div>\n                            <div class=\"post-item ekit-col-4\">\n\n                                            <div class=\"elementskit-post-image-card\">\n                            <div class=\"elementskit-entry-header\">\n                                                                    <a href=\"https:\/\/fit4thefuture.eu\/pt-pt\/nuria-amigor-graus-vision-lessons-in-leadership-and-inclusion-at-biosfer-teslab\" class=\"elementskit-entry-thumb\">\n                                        <img decoding=\"async\" src=\"https:\/\/fit4thefuture.eu\/wp-content\/uploads\/2025\/11\/Nuria-Amigor-Graus-Vision-1.png\" alt=\"A vis\u00e3o de N\u00faria Amig\u00f3 Grau: li\u00e7\u00f5es de lideran\u00e7a e inclus\u00e3o na Biosfer Teslab\">\n                                    <\/a><!-- .elementskit-entry-thumb END -->\n                                                                    \n                                \n                                                            <\/div><!-- .elementskit-entry-header END -->\n\n                            <div class=\"elementskit-post-body \">\n                                                                                        <h2 class=\"entry-title\">\n                    <a href=\"https:\/\/fit4thefuture.eu\/pt-pt\/nuria-amigor-graus-vision-lessons-in-leadership-and-inclusion-at-biosfer-teslab\">\n                        A vis\u00e3o de N\u00faria Amig\u00f3 Grau: li\u00e7\u00f5es de lideran\u00e7a e inclus\u00e3o na Biosfer Teslab                    <\/a>\n                <\/h2>\n                                                    \n                                                                                                                        <div class=\"post-meta-list\">\n                                                                                                                                <span class=\"meta-date\">\n                                        <i aria-hidden=\"true\" class=\"icon icon-calendar3\"><\/i>                                        <span class=\"meta-date-text\">\n                                            13 de Dezembro, 2025                                        <\/span>\n                                    <\/span>\n                                                                                                                                                    <\/div>\n                                                    \n                                    \n                                                                                                                                                                                <p>A jornada de lideran\u00e7a de N\u00faria come\u00e7ou na academia, onde passou quatro anos, antes de se dedicar por 13 anos&hellip;<\/p>\n                                                                                                                                                                        <div class=\"btn-wraper\">\n                                        \n                                                                                    <a class=\"elementskit-btn whitespace--normal\" id=\"\" href=\"https:\/\/fit4thefuture.eu\/pt-pt\/nuria-amigor-graus-vision-lessons-in-leadership-and-inclusion-at-biosfer-teslab\">\n                                                                                                Learn more                                             <\/a>\n                                                                            <\/div>\n                                                            <\/div><!-- .elementskit-post-body END -->\n                        <\/div>\n                    \n                <\/div>\n                            <div class=\"post-item ekit-col-4\">\n\n                                            <div class=\"elementskit-post-image-card\">\n                            <div class=\"elementskit-entry-header\">\n                                                                    <a href=\"https:\/\/fit4thefuture.eu\/pt-pt\/inclusion-as-innovation-the-fit-for-the-future-approach\" class=\"elementskit-entry-thumb\">\n                                        <img decoding=\"async\" src=\"https:\/\/fit4thefuture.eu\/wp-content\/uploads\/2025\/10\/cover-news.webp\" alt=\"A inclus\u00e3o como inova\u00e7\u00e3o: a abordagem Fit for the Future\">\n                                    <\/a><!-- .elementskit-entry-thumb END -->\n                                                                    \n                                \n                                                            <\/div><!-- .elementskit-entry-header END -->\n\n                            <div class=\"elementskit-post-body \">\n                                                                                        <h2 class=\"entry-title\">\n                    <a href=\"https:\/\/fit4thefuture.eu\/pt-pt\/inclusion-as-innovation-the-fit-for-the-future-approach\">\n                        A inclus\u00e3o como inova\u00e7\u00e3o: a abordagem Fit for the Future                    <\/a>\n                <\/h2>\n                                                    \n                                                                                                                        <div class=\"post-meta-list\">\n                                                                                                                                <span class=\"meta-date\">\n                                        <i aria-hidden=\"true\" class=\"icon icon-calendar3\"><\/i>                                        <span class=\"meta-date-text\">\n                                            20 de Novembro, 2025                                        <\/span>\n                                    <\/span>\n                                                                                                                                                    <\/div>\n                                                    \n                                    \n                                                                                                                                                                                <p>Numa \u00e9poca de r\u00e1pidas mudan\u00e7as digitais, sociais e organizacionais, a verdadeira inclus\u00e3o significa mais do que simplesmente representar pessoas com&hellip;<\/p>\n                                                                                                                                                                        <div class=\"btn-wraper\">\n                                        \n                                                                                    <a class=\"elementskit-btn whitespace--normal\" id=\"\" href=\"https:\/\/fit4thefuture.eu\/pt-pt\/inclusion-as-innovation-the-fit-for-the-future-approach\">\n                                                                                                Learn more                                             <\/a>\n                                                                            <\/div>\n                                                            <\/div><!-- .elementskit-post-body END -->\n                        <\/div>\n                    \n                <\/div>\n                            <div class=\"post-item ekit-col-4\">\n\n                                            <div class=\"elementskit-post-image-card\">\n                            <div class=\"elementskit-entry-header\">\n                                                                    <a href=\"https:\/\/fit4thefuture.eu\/pt-pt\/leading-for-regeneration-values-that-shape-the-future-of-leadership\" class=\"elementskit-entry-thumb\">\n                                        <img decoding=\"async\" src=\"https:\/\/fit4thefuture.eu\/wp-content\/uploads\/2025\/10\/ArticleF4F-1-1024x546.png\" alt=\"Lideran\u00e7a para a regenera\u00e7\u00e3o: valores que moldam o futuro da lideran\u00e7a\">\n                                    <\/a><!-- .elementskit-entry-thumb END -->\n                                                                    \n                                \n                                                            <\/div><!-- .elementskit-entry-header END -->\n\n                            <div class=\"elementskit-post-body \">\n                                                                                        <h2 class=\"entry-title\">\n                    <a href=\"https:\/\/fit4thefuture.eu\/pt-pt\/leading-for-regeneration-values-that-shape-the-future-of-leadership\">\n                        Lideran\u00e7a para a regenera\u00e7\u00e3o: valores que moldam o futuro da lideran\u00e7a                    <\/a>\n                <\/h2>\n                                                    \n                                                                                                                        <div class=\"post-meta-list\">\n                                                                                                                                <span class=\"meta-date\">\n                                        <i aria-hidden=\"true\" class=\"icon icon-calendar3\"><\/i>                                        <span class=\"meta-date-text\">\n                                            29 de Outubro, 2025                                        <\/span>\n                                    <\/span>\n                                                                                                                                                    <\/div>\n                                                    \n                                    \n                                                                                                                                                                                <p>Que valores pessoais impulsionam uma transforma\u00e7\u00e3o bem-sucedida da lideran\u00e7a? Este artigo convida-o, seja voc\u00ea um gestor, um empreendedor, um educador&hellip;<\/p>\n                                                                                                                                                                        <div class=\"btn-wraper\">\n                                        \n                                                                                    <a class=\"elementskit-btn whitespace--normal\" id=\"\" href=\"https:\/\/fit4thefuture.eu\/pt-pt\/leading-for-regeneration-values-that-shape-the-future-of-leadership\">\n                                                                                                Learn more                                             <\/a>\n                                                                            <\/div>\n                                                            <\/div><!-- .elementskit-post-body END -->\n                        <\/div>\n                    \n                <\/div>\n                            <div class=\"post-item ekit-col-4\">\n\n                                            <div class=\"elementskit-post-image-card\">\n                            <div class=\"elementskit-entry-header\">\n                                                                    <a href=\"https:\/\/fit4thefuture.eu\/pt-pt\/leaders-creating-positive-change-interview-with-irini-iacovidou\" class=\"elementskit-entry-thumb\">\n                                        <img decoding=\"async\" src=\"https:\/\/fit4thefuture.eu\/wp-content\/uploads\/2025\/10\/4xb5eNwb4_s-HD-1024x576.jpg\" alt=\"L\u00edderes que criam mudan\u00e7as positivas | Entrevista com Irini Iacovidou\">\n                                    <\/a><!-- .elementskit-entry-thumb END -->\n                                                                    \n                                \n                                                            <\/div><!-- .elementskit-entry-header END -->\n\n                            <div class=\"elementskit-post-body \">\n                                                                                        <h2 class=\"entry-title\">\n                    <a href=\"https:\/\/fit4thefuture.eu\/pt-pt\/leaders-creating-positive-change-interview-with-irini-iacovidou\">\n                        L\u00edderes que criam mudan\u00e7as positivas | Entrevista com Irini Iacovidou                    <\/a>\n                <\/h2>\n                                                    \n                                                                                                                        <div class=\"post-meta-list\">\n                                                                                                                                <span class=\"meta-date\">\n                                        <i aria-hidden=\"true\" class=\"icon icon-calendar3\"><\/i>                                        <span class=\"meta-date-text\">\n                                            21 de Outubro, 2025                                        <\/span>\n                                    <\/span>\n                                                                                                                                                    <\/div>\n                                                    \n                                    \n                                                                                                                                                                                <p>Nesta entrevista de 73 perguntas, Irini Iacovidou, chefe do Departamento de Projetos do Centro de Desenvolvimento de Compet\u00eancias de Chipre&hellip;<\/p>\n                                                                                                                                                                        <div class=\"btn-wraper\">\n                                        \n                                                                                    <a class=\"elementskit-btn whitespace--normal\" id=\"\" href=\"https:\/\/fit4thefuture.eu\/pt-pt\/leaders-creating-positive-change-interview-with-irini-iacovidou\">\n                                                                                                Learn more                                             <\/a>\n                                                                            <\/div>\n                                                            <\/div><!-- .elementskit-post-body END -->\n                        <\/div>\n                    \n                <\/div>\n                            <div class=\"post-item ekit-col-4\">\n\n                                            <div class=\"elementskit-post-image-card\">\n                            <div class=\"elementskit-entry-header\">\n                                                                    <a href=\"https:\/\/fit4thefuture.eu\/pt-pt\/the-urgent-need-for-regenerative-leadership-in-work-and-education\" class=\"elementskit-entry-thumb\">\n                                        <img decoding=\"async\" src=\"https:\/\/fit4thefuture.eu\/wp-content\/uploads\/2025\/09\/news7-f4f.png\" alt=\"A necessidade urgente de lideran\u00e7a regenerativa no trabalho e na educa\u00e7\u00e3o\">\n                                    <\/a><!-- .elementskit-entry-thumb END -->\n                                                                    \n                                \n                                                            <\/div><!-- .elementskit-entry-header END -->\n\n                            <div class=\"elementskit-post-body \">\n                                                                                        <h2 class=\"entry-title\">\n                    <a href=\"https:\/\/fit4thefuture.eu\/pt-pt\/the-urgent-need-for-regenerative-leadership-in-work-and-education\">\n                        A necessidade urgente de lideran\u00e7a regenerativa no trabalho e na educa\u00e7\u00e3o                    <\/a>\n                <\/h2>\n                                                    \n                                                                                                                        <div class=\"post-meta-list\">\n                                                                                                                                <span class=\"meta-date\">\n                                        <i aria-hidden=\"true\" class=\"icon icon-calendar3\"><\/i>                                        <span class=\"meta-date-text\">\n                                            9 de Setembro, 2025                                        <\/span>\n                                    <\/span>\n                                                                                                                                                    <\/div>\n                                                    \n                                    \n                                                                                                                                                                                <p>Abordar desafios complexos atrav\u00e9s da inclus\u00e3o, do pensamento sist\u00e9mico e da diversidade No mundo de hoje, em r\u00e1pida mudan\u00e7a, as&hellip;<\/p>\n                                                                                                                                                                        <div class=\"btn-wraper\">\n                                        \n                                                                                    <a class=\"elementskit-btn whitespace--normal\" id=\"\" href=\"https:\/\/fit4thefuture.eu\/pt-pt\/the-urgent-need-for-regenerative-leadership-in-work-and-education\">\n                                                                                                Learn more                                             <\/a>\n                                                                            <\/div>\n                                                            <\/div><!-- .elementskit-post-body END -->\n                        <\/div>\n                    \n                <\/div>\n                            <div class=\"post-item ekit-col-4\">\n\n                                            <div class=\"elementskit-post-image-card\">\n                            <div class=\"elementskit-entry-header\">\n                                                                    <a href=\"https:\/\/fit4thefuture.eu\/pt-pt\/voices-at-the-table-why-inclusivity-matters-in-the-workplace\" class=\"elementskit-entry-thumb\">\n                                        <img decoding=\"async\" src=\"https:\/\/fit4thefuture.eu\/wp-content\/uploads\/2025\/08\/FFTF_featuredimage_InclusionDiversity-1024x538.jpg\" alt=\"Vozes \u00e0 mesa: por que \u00e9 que a inclus\u00e3o \u00e9 importante no local de trabalho\">\n                                    <\/a><!-- .elementskit-entry-thumb END -->\n                                                                    \n                                \n                                                            <\/div><!-- .elementskit-entry-header END -->\n\n                            <div class=\"elementskit-post-body \">\n                                                                                        <h2 class=\"entry-title\">\n                    <a href=\"https:\/\/fit4thefuture.eu\/pt-pt\/voices-at-the-table-why-inclusivity-matters-in-the-workplace\">\n                        Vozes \u00e0 mesa: por que \u00e9 que a inclus\u00e3o \u00e9 importante no local de trabalho                    <\/a>\n                <\/h2>\n                                                    \n                                                                                                                        <div class=\"post-meta-list\">\n                                                                                                                                <span class=\"meta-date\">\n                                        <i aria-hidden=\"true\" class=\"icon icon-calendar3\"><\/i>                                        <span class=\"meta-date-text\">\n                                            26 de Agosto, 2025                                        <\/span>\n                                    <\/span>\n                                                                                                                                                    <\/div>\n                                                    \n                                    \n                                                                                                                                                                                <p>Hoje em dia, a diversidade no local de trabalho n\u00e3o tem tanto a ver com quem est\u00e1 presente, mas sim&hellip;<\/p>\n                                                                                                                                                                        <div class=\"btn-wraper\">\n                                        \n                                                                                    <a class=\"elementskit-btn whitespace--normal\" id=\"\" href=\"https:\/\/fit4thefuture.eu\/pt-pt\/voices-at-the-table-why-inclusivity-matters-in-the-workplace\">\n                                                                                                Learn more                                             <\/a>\n                                                                            <\/div>\n                                                            <\/div><!-- .elementskit-post-body END -->\n                        <\/div>\n                    \n                <\/div>\n                            <div class=\"post-item ekit-col-4\">\n\n                                            <div class=\"elementskit-post-image-card\">\n                            <div class=\"elementskit-entry-header\">\n                                                                    <a href=\"https:\/\/fit4thefuture.eu\/pt-pt\/fit-for-the-future-sharing-real-stories-to-inspire-inclusive-leadership\" class=\"elementskit-entry-thumb\">\n                                        <img decoding=\"async\" src=\"https:\/\/fit4thefuture.eu\/wp-content\/uploads\/2025\/06\/FitfortheFuture-Efvet-1024x538.png\" alt=\"Fit for the Future: partilhar hist\u00f3rias reais para inspirar uma lideran\u00e7a inclusiva\">\n                                    <\/a><!-- .elementskit-entry-thumb END -->\n                                                                    \n                                \n                                                            <\/div><!-- .elementskit-entry-header END -->\n\n                            <div class=\"elementskit-post-body \">\n                                                                                        <h2 class=\"entry-title\">\n                    <a href=\"https:\/\/fit4thefuture.eu\/pt-pt\/fit-for-the-future-sharing-real-stories-to-inspire-inclusive-leadership\">\n                        Fit for the Future: partilhar hist\u00f3rias reais para inspirar uma lideran\u00e7a inclusiva                    <\/a>\n                <\/h2>\n                                                    \n                                                                                                                        <div class=\"post-meta-list\">\n                                                                                                                                <span class=\"meta-date\">\n                                        <i aria-hidden=\"true\" class=\"icon icon-calendar3\"><\/i>                                        <span class=\"meta-date-text\">\n                                            18 de Junho, 2025                                        <\/span>\n                                    <\/span>\n                                                                                                                                                    <\/div>\n                                                    \n                                    \n                                                                                                                                                                                <p>A nova fase do projeto concentra-se em estudos de caso e entrevistas com mulheres l\u00edderes que est\u00e3o a promover mudan\u00e7as&hellip;<\/p>\n                                                                                                                                                                        <div class=\"btn-wraper\">\n                                        \n                                                                                    <a class=\"elementskit-btn whitespace--normal\" id=\"\" href=\"https:\/\/fit4thefuture.eu\/pt-pt\/fit-for-the-future-sharing-real-stories-to-inspire-inclusive-leadership\">\n                                                                                                Learn more                                             <\/a>\n                                                                            <\/div>\n                                                            <\/div><!-- .elementskit-post-body END -->\n                        <\/div>\n                    \n                <\/div>\n                            <div class=\"post-item ekit-col-4\">\n\n                                            <div class=\"elementskit-post-image-card\">\n                            <div class=\"elementskit-entry-header\">\n                                                                    <a href=\"https:\/\/fit4thefuture.eu\/pt-pt\/breaking-the-glass-ceiling-empowering-women-toward-leadership\" class=\"elementskit-entry-thumb\">\n                                        <img decoding=\"async\" src=\"https:\/\/fit4thefuture.eu\/wp-content\/uploads\/2025\/05\/Photo-4-horizontal.png\" alt=\"Partir \u201ctetos de vidro\u201d: capacitar mulheres para a lideran\u00e7a\">\n                                    <\/a><!-- .elementskit-entry-thumb END -->\n                                                                    \n                                \n                                                            <\/div><!-- .elementskit-entry-header END -->\n\n                            <div class=\"elementskit-post-body \">\n                                                                                        <h2 class=\"entry-title\">\n                    <a href=\"https:\/\/fit4thefuture.eu\/pt-pt\/breaking-the-glass-ceiling-empowering-women-toward-leadership\">\n                        Partir \u201ctetos de vidro\u201d: capacitar mulheres para a lideran\u00e7a                    <\/a>\n                <\/h2>\n                                                    \n                                                                                                                        <div class=\"post-meta-list\">\n                                                                                                                                <span class=\"meta-date\">\n                                        <i aria-hidden=\"true\" class=\"icon icon-calendar3\"><\/i>                                        <span class=\"meta-date-text\">\n                                            7 de Maio, 2025                                        <\/span>\n                                    <\/span>\n                                                                                                                                                    <\/div>\n                                                    \n                                    \n                                                                                                                                                                                <p>Apesar do progresso ineg\u00e1vel na igualdade de g\u00e9nero, in\u00fameras mulheres em todo o mundo continuam a enfrentar uma barreira persistente&hellip;<\/p>\n                                                                                                                                                                        <div class=\"btn-wraper\">\n                                        \n                                                                                    <a class=\"elementskit-btn whitespace--normal\" id=\"\" href=\"https:\/\/fit4thefuture.eu\/pt-pt\/breaking-the-glass-ceiling-empowering-women-toward-leadership\">\n                                                                                                Learn more                                             <\/a>\n                                                                            <\/div>\n                                                            <\/div><!-- .elementskit-post-body END -->\n                        <\/div>\n                    \n                <\/div>\n                            <div class=\"post-item ekit-col-4\">\n\n                                            <div class=\"elementskit-post-image-card\">\n                            <div class=\"elementskit-entry-header\">\n                                                                    <a href=\"https:\/\/fit4thefuture.eu\/pt-pt\/fit-for-the-future-advancing-diversity-and-inclusion-through-tangible-results\" class=\"elementskit-entry-thumb\">\n                                        <img decoding=\"async\" src=\"https:\/\/fit4thefuture.eu\/wp-content\/uploads\/2025\/04\/FFTF_ADVANCING_DIVERSITY_03-1-1024x538.jpg\" alt=\"Preparados para o futuro: promover a diversidade e a inclus\u00e3o atrav\u00e9s de resultados tang\u00edveis\">\n                                    <\/a><!-- .elementskit-entry-thumb END -->\n                                                                    \n                                \n                                                            <\/div><!-- .elementskit-entry-header END -->\n\n                            <div class=\"elementskit-post-body \">\n                                                                                        <h2 class=\"entry-title\">\n                    <a href=\"https:\/\/fit4thefuture.eu\/pt-pt\/fit-for-the-future-advancing-diversity-and-inclusion-through-tangible-results\">\n                        Preparados para o futuro: promover a diversidade e a inclus\u00e3o atrav\u00e9s de resultados tang\u00edveis                    <\/a>\n                <\/h2>\n                                                    \n                                                                                                                        <div class=\"post-meta-list\">\n                                                                                                                                <span class=\"meta-date\">\n                                        <i aria-hidden=\"true\" class=\"icon icon-calendar3\"><\/i>                                        <span class=\"meta-date-text\">\n                                            28 de Mar\u00e7o, 2025                                        <\/span>\n                                    <\/span>\n                                                                                                                                                    <\/div>\n                                                    \n                                    \n                                                                                                                                                                                <p>Fit for the Future (F4F) \u00e9 um projeto Erasmus+ KA2 concebido para transformar os sistemas de Educa\u00e7\u00e3o e Forma\u00e7\u00e3o Profissional&hellip;<\/p>\n                                                                                                                                                                        <div class=\"btn-wraper\">\n                                        \n                                                                                    <a class=\"elementskit-btn whitespace--normal\" id=\"\" href=\"https:\/\/fit4thefuture.eu\/pt-pt\/fit-for-the-future-advancing-diversity-and-inclusion-through-tangible-results\">\n                                                                                                Learn more                                             <\/a>\n                                                                            <\/div>\n                                                            <\/div><!-- .elementskit-post-body END -->\n                        <\/div>\n                    \n                <\/div>\n                            <div class=\"post-item ekit-col-4\">\n\n                                            <div class=\"elementskit-post-image-card\">\n                            <div class=\"elementskit-entry-header\">\n                                                                    <a href=\"https:\/\/fit4thefuture.eu\/pt-pt\/introducing-the-fit-for-the-future-project\" class=\"elementskit-entry-thumb\">\n                                        <img decoding=\"async\" src=\"https:\/\/fit4thefuture.eu\/wp-content\/uploads\/2025\/04\/FFTF_OBJECTIVESACTIVITIES_02-1024x538.jpg\" alt=\"Apresentamos o projeto Fit for the Future\">\n                                    <\/a><!-- .elementskit-entry-thumb END -->\n                                                                    \n                                \n                                                            <\/div><!-- .elementskit-entry-header END -->\n\n                            <div class=\"elementskit-post-body \">\n                                                                                        <h2 class=\"entry-title\">\n                    <a href=\"https:\/\/fit4thefuture.eu\/pt-pt\/introducing-the-fit-for-the-future-project\">\n                        Apresentamos o projeto Fit for the Future                    <\/a>\n                <\/h2>\n                                                    \n                                                                                                                        <div class=\"post-meta-list\">\n                                                                                                                                <span class=\"meta-date\">\n                                        <i aria-hidden=\"true\" class=\"icon icon-calendar3\"><\/i>                                        <span class=\"meta-date-text\">\n                                            14 de Mar\u00e7o, 2025                                        <\/span>\n                                    <\/span>\n                                                                                                                                                    <\/div>\n                                                    \n                                    \n                                                                                                                                                                                <p>Fit for the Future (F4F) \u00e9 um projeto Erasmus+ KA2 concebido para transformar os sistemas de Educa\u00e7\u00e3o e Forma\u00e7\u00e3o Profissional&hellip;<\/p>\n                                                                                                                                                                        <div class=\"btn-wraper\">\n                                        \n                                                                                    <a class=\"elementskit-btn whitespace--normal\" id=\"\" href=\"https:\/\/fit4thefuture.eu\/pt-pt\/introducing-the-fit-for-the-future-project\">\n                                                                                                Learn more                                             <\/a>\n                                                                            <\/div>\n                                                            <\/div><!-- .elementskit-post-body END -->\n                        <\/div>\n                    \n                <\/div>\n                            <div class=\"post-item ekit-col-4\">\n\n                                            <div class=\"elementskit-post-image-card\">\n                            <div class=\"elementskit-entry-header\">\n                                                                    <a href=\"https:\/\/fit4thefuture.eu\/pt-pt\/fit-for-the-future-project-has-officially-begun\" class=\"elementskit-entry-thumb\">\n                                        <img decoding=\"async\" src=\"https:\/\/fit4thefuture.eu\/wp-content\/uploads\/2025\/04\/FFTF-LAUNCH-1024x538.jpg\" alt=\"O projeto Fit for the Future come\u00e7ou oficialmente!\">\n                                    <\/a><!-- .elementskit-entry-thumb END -->\n                                                                    \n                                \n                                                            <\/div><!-- .elementskit-entry-header END -->\n\n                            <div class=\"elementskit-post-body \">\n                                                                                        <h2 class=\"entry-title\">\n                    <a href=\"https:\/\/fit4thefuture.eu\/pt-pt\/fit-for-the-future-project-has-officially-begun\">\n                        O projeto Fit for the Future come\u00e7ou oficialmente!                    <\/a>\n                <\/h2>\n                                                    \n                                                                                                                        <div class=\"post-meta-list\">\n                                                                                                                                <span class=\"meta-date\">\n                                        <i aria-hidden=\"true\" class=\"icon icon-calendar3\"><\/i>                                        <span class=\"meta-date-text\">\n                                            11 de Fevereiro, 2025                                        <\/span>\n                                    <\/span>\n                                                                                                                                                    <\/div>\n                                                    \n                                    \n                                                                                                                                                                                <p>\u00c9 com grande entusiasmo que anunciamos o lan\u00e7amento do Fit for the Future (F4F), um novo projeto Erasmus+ KA2 dedicado&hellip;<\/p>\n                                                                                                                                                                        <div class=\"btn-wraper\">\n                                        \n                                                                                    <a class=\"elementskit-btn whitespace--normal\" id=\"\" href=\"https:\/\/fit4thefuture.eu\/pt-pt\/fit-for-the-future-project-has-officially-begun\">\n                                                                                                Learn more                                             <\/a>\n                                                                            <\/div>\n                                                            <\/div><!-- .elementskit-post-body END -->\n                        <\/div>\n                    \n                <\/div>\n                    <\/div>\n    <\/div>\t\t\t\t<\/div>\n\t\t\t\t<\/div>\n\t\t\t\t\t<\/div>\n\t\t\t\t<\/div>\n\t\t\t\t<\/div>\n\t\t","protected":false},"excerpt":{"rendered":"<p>Boletins informativos Mais Informa\u00e7\u00f5es Mais Informa\u00e7\u00f5es Mais Informa\u00e7\u00f5es Mais Informa\u00e7\u00f5es Not\u00edcias Agenda 2030, equidad e inclusi\u00f3n: el papel de la [&hellip;]<\/p>\n","protected":false},"author":1,"featured_media":0,"parent":0,"menu_order":0,"comment_status":"closed","ping_status":"closed","template":"","meta":{"inline_featured_image":false,"site-sidebar-layout":"no-sidebar","site-content-layout":"","ast-site-content-layout":"full-width-container","site-content-style":"default","site-sidebar-style":"default","ast-global-header-display":"","ast-banner-title-visibility":"","ast-main-header-display":"","ast-hfb-above-header-display":"","ast-hfb-below-header-display":"","ast-hfb-mobile-header-display":"","site-post-title":"disabled","ast-breadcrumbs-content":"","ast-featured-img":"disabled","footer-sml-layout":"","ast-disable-related-posts":"","theme-transparent-header-meta":"default","adv-header-id-meta":"","stick-header-meta":"","header-above-stick-meta":"","header-main-stick-meta":"","header-below-stick-meta":"","astra-migrate-meta-layouts":"set","ast-page-background-enabled":"default","ast-page-background-meta":{"desktop":{"background-color":"var(--ast-global-color-5)","background-image":"","background-repeat":"repeat","background-position":"center center","background-size":"auto","background-attachment":"scroll","background-type":"","background-media":"","overlay-type":"","overlay-color":"","overlay-opacity":"","overlay-gradient":""},"tablet":{"background-color":"","background-image":"","background-repeat":"repeat","background-position":"center center","background-size":"auto","background-attachment":"scroll","background-type":"","background-media":"","overlay-type":"","overlay-color":"","overlay-opacity":"","overlay-gradient":""},"mobile":{"background-color":"","background-image":"","background-repeat":"repeat","background-position":"center center","background-size":"auto","background-attachment":"scroll","background-type":"","background-media":"","overlay-type":"","overlay-color":"","overlay-opacity":"","overlay-gradient":""}},"ast-content-background-meta":{"desktop":{"background-color":"var(--ast-global-color-4)","background-image":"","background-repeat":"repeat","background-position":"center center","background-size":"auto","background-attachment":"scroll","background-type":"","background-media":"","overlay-type":"","overlay-color":"","overlay-opacity":"","overlay-gradient":""},"tablet":{"background-color":"var(--ast-global-color-4)","background-image":"","background-repeat":"repeat","background-position":"center center","background-size":"auto","background-attachment":"scroll","background-type":"","background-media":"","overlay-type":"","overlay-color":"","overlay-opacity":"","overlay-gradient":""},"mobile":{"background-color":"var(--ast-global-color-4)","background-image":"","background-repeat":"repeat","background-position":"center center","background-size":"auto","background-attachment":"scroll","background-type":"","background-media":"","overlay-type":"","overlay-color":"","overlay-opacity":"","overlay-gradient":""}},"footnotes":""},"class_list":["post-1131","page","type-page","status-publish","hentry"],"_links":{"self":[{"href":"https:\/\/fit4thefuture.eu\/pt-pt\/wp-json\/wp\/v2\/pages\/1131","targetHints":{"allow":["GET"]}}],"collection":[{"href":"https:\/\/fit4thefuture.eu\/pt-pt\/wp-json\/wp\/v2\/pages"}],"about":[{"href":"https:\/\/fit4thefuture.eu\/pt-pt\/wp-json\/wp\/v2\/types\/page"}],"author":[{"embeddable":true,"href":"https:\/\/fit4thefuture.eu\/pt-pt\/wp-json\/wp\/v2\/users\/1"}],"replies":[{"embeddable":true,"href":"https:\/\/fit4thefuture.eu\/pt-pt\/wp-json\/wp\/v2\/comments?post=1131"}],"version-history":[{"count":34,"href":"https:\/\/fit4thefuture.eu\/pt-pt\/wp-json\/wp\/v2\/pages\/1131\/revisions"}],"predecessor-version":[{"id":9120,"href":"https:\/\/fit4thefuture.eu\/pt-pt\/wp-json\/wp\/v2\/pages\/1131\/revisions\/9120"}],"wp:attachment":[{"href":"https:\/\/fit4thefuture.eu\/pt-pt\/wp-json\/wp\/v2\/media?parent=1131"}],"curies":[{"name":"wp","href":"https:\/\/api.w.org\/{rel}","templated":true}]}}